{"id":279,"date":"2018-09-26T10:11:29","date_gmt":"2018-09-26T08:11:29","guid":{"rendered":"https:\/\/derbe.it\/prodotto\/emulsione-balsamo\/"},"modified":"2026-05-06T12:36:59","modified_gmt":"2026-05-06T10:36:59","slug":"spulungsemulsion","status":"publish","type":"product","link":"https:\/\/derbe.it\/de\/produkt\/spulungsemulsion\/","title":{"rendered":"Emulsionsbalsam"},"content":{"rendered":"<p>pH-saure Pflegesp\u00fclungsemulsion f\u00fcr Kopfhaut und Haar mit mehreren Funktionen: Sie verleiht allen Haartypen Glanz, Flexibilit\u00e4t, Weichheit, Konsistenz und K\u00e4mmbarkeit.<\/p>\n<p>Es verleiht feinem, ausfallendem Haar, dem es an F\u00fclle und Vitalit\u00e4t mangelt, Volumen und Kraft, bek\u00e4mpft Stumpfheit, Spliss und statische Elektrizit\u00e4t und macht das Haar perfekt frisierbar.<br \/>\nEs sch\u00fctzt das Haar vor Salzwasser, Chlor in Schwimmb\u00e4dern und chemischen Haarbehandlungen und bek\u00e4mpft alle Formen der \u00e4sthetischen Verschlechterung.<\/p>\n<p><strong>Sch\u00fctzt die Haut<\/strong> und tr\u00e4gt dazu bei, seinen N\u00e4hrstoffzustand, seinen Hydrolipidfilm und seine nat\u00fcrliche S\u00e4ure zu erhalten, sodass es weich und somit gut gen\u00e4hrt und gut bew\u00e4ssert bleibt.<\/p>","protected":false},"excerpt":{"rendered":"<p>Meraviglioso <strong>balsamo<\/strong> per <strong>cute e capelli sfibrati, aridi, con doppie punte<\/strong> e aggrediti da trattamenti cosmetici o da fattori climatici avversi. Dona <strong>lucentezza<\/strong>, <strong>pettinabilit\u00e0<\/strong> e <strong>volume<\/strong> ai capelli fini.\u00a0Contiene olii essenziali di lavanda che rafforza, timo e propoli che igienizzano, mentolo che rinfresca e polline che nutre. [&#8230;]<\/p>\n<p><a class=\"btn btn-secondary understrap-read-more-link\" href=\"https:\/\/derbe.it\/de\/produkt\/spulungsemulsion\/\">Weiterlesen\u00a0\u2026<span class=\"screen-reader-text\"> from Emulsione Balsamo<\/span><\/a><\/p>\n","protected":false},"featured_media":280,"template":"","meta":{"_acf_changed":false},"caratteristica":[],"collezione":[],"formato":[],"funzione":[86,85],"utilizzo":[],"ingrediente-principale":[],"product_brand":[],"product_cat":[101],"product_tag":[],"class_list":["post-279","product","type-product","status-publish","has-post-thumbnail","funzione-capellli-danneggiati","funzione-capelli-secchi-disidratati","product_cat-maschere-e-balsami","first","instock","purchasable","product-type-simple"],"acf":{"sottotitolo":"per capelli aridi, opachi e con doppie punte","formato":"125 ml","cosa_contiene":"<ul>\n \t<li>Olio essenziali di <strong>Lavanda<\/strong> - rafforzante<\/li>\n \t<li>Olio essenziale di <strong>Timo<\/strong> - igienizzante<\/li>\n \t<li>Olio essenziale di <strong>Propoli<\/strong> - igienizzante<\/li>\n \t<li>Olio essenziale di <strong>Mentolo<\/strong> - rinfrescante<\/li>\n<\/ul>","indicazione_di_utilizzo":"1 ) Come Impacco dopo lo shampoo: si massaggia<span class=\"Apple-converted-space\">\u00a0 <\/span>sulla cute<span class=\"Apple-converted-space\">\u00a0 <\/span>e sui capelli ancora<span class=\"Apple-converted-space\">\u00a0 <\/span>umidi.<span class=\"Apple-converted-space\">\u00a0 <\/span>Si<span class=\"Apple-converted-space\">\u00a0 <\/span>risciacqua<span class=\"Apple-converted-space\">\u00a0 <\/span>prima dell'asciugatura.\n\n2)<span class=\"Apple-converted-space\">\u00a0 <\/span>Come<span class=\"Apple-converted-space\">\u00a0 <\/span>Maschera<span class=\"Apple-converted-space\">\u00a0 <\/span>capillare<span class=\"Apple-converted-space\">\u00a0 <\/span>dopo<span class=\"Apple-converted-space\">\u00a0 <\/span>lo shampoo: si massaggia sulla cute e sui capelli umidi, si lascia agire per circa 10<span class=\"Apple-converted-space\">\u00a0 <\/span>minuti<span class=\"Apple-converted-space\">\u00a0 <\/span>sotto<span class=\"Apple-converted-space\">\u00a0 <\/span>il<span class=\"Apple-converted-space\">\u00a0 <\/span>casco<span class=\"Apple-converted-space\">\u00a0 <\/span>tiepido<span class=\"Apple-converted-space\">\u00a0 <\/span>o<span class=\"Apple-converted-space\">\u00a0 <\/span>in un<span class=\"Apple-converted-space\">\u00a0 <\/span>asciugamano<span class=\"Apple-converted-space\">\u00a0 <\/span>caldo.<span class=\"Apple-converted-space\">\u00a0 <\/span>Si<span class=\"Apple-converted-space\">\u00a0 <\/span>risciacqua prima dell'asciugatura.\n\n3) Come Tocco lucidante e districante: si<span class=\"Apple-converted-space\">\u00a0 <\/span>cosparge<span class=\"Apple-converted-space\">\u00a0 <\/span>con<span class=\"Apple-converted-space\">\u00a0 <\/span>il<span class=\"Apple-converted-space\">\u00a0 <\/span>palmo<span class=\"Apple-converted-space\">\u00a0 <\/span>delle<span class=\"Apple-converted-space\">\u00a0 <\/span>mani una<span class=\"Apple-converted-space\">\u00a0 <\/span>piccola<span class=\"Apple-converted-space\">\u00a0 <\/span>quantit\u00e0<span class=\"Apple-converted-space\">\u00a0 <\/span>di<span class=\"Apple-converted-space\">\u00a0 <\/span>Emulsione direttamente su tutta la lunghezza dei capelli. Non si risciacqua.","composizione":"AQUA [WATER], CETEARYL ALCOHOL, CETRIMONIUM CHLORIDE, HYDROGENATED LANOLIN, DIMETHICONE, GLYCERIN, LAVANDULA ANGUSTIFOLIA (LAVENDER) OIL, CITRIC ACID, LINALOOL, BENZYL ALCOHOL, PHENOXYETHANOL, HAMAMELIS VIRGINIANA (WITCH HAZEL) WATER, MYRISTICA FRAGRANS (NUTMEG) EXTRACT, POTASSIUM SORBATE, ROSA CENTIFOLIA FLOWER WATER, SODIUM DEHYDROACETATE, LIMONENE, THYMOL, CI 19140 [YELLOW 5], MENTHOL, POLLEN EXTRACT, TOCOPHEROL, PROPOLIS EXTRACT.","aggiunte":"","img_sfondo":1028},"yoast_head":"<!-- This site is optimized with the Yoast SEO Premium plugin v26.1 (Yoast SEO v27.7) - https:\/\/yoast.com\/product\/yoast-seo-premium-wordpress\/ -->\n<title>Emulsione Balsamo - Derbe - cosmetici naturali<\/title>\n<meta name=\"description\" content=\"Meraviglioso balsamo per cute e capelli sfibrati, aridi, con doppie punte e aggrediti da trattamenti cosmetici o da fattori climatici avversi. Dona lucentezza, pettinabilit\u00e0 e volume ai capelli fini.\u00a0Contiene olii essenziali di lavanda che rafforza, timo e propoli che igienizzano, mentolo che rinfresca e polline che nutre.\" \/>\n<meta name=\"robots\" content=\"index, follow, max-snippet:-1, max-image-preview:large, max-video-preview:-1\" \/>\n<link rel=\"canonical\" href=\"https:\/\/derbe.it\/de\/produkt\/spulungsemulsion\/\" \/>\n<meta property=\"og:locale\" content=\"de_DE\" \/>\n<meta property=\"og:type\" content=\"article\" \/>\n<meta property=\"og:title\" content=\"Emulsione Balsamo\" \/>\n<meta property=\"og:description\" content=\"Meraviglioso balsamo per cute e capelli sfibrati, aridi, con doppie punte e aggrediti da trattamenti cosmetici o da fattori climatici avversi. Dona lucentezza, pettinabilit\u00e0 e volume ai capelli fini.\u00a0Contiene olii essenziali di lavanda che rafforza, timo e propoli che igienizzano, mentolo che rinfresca e polline che nutre.\" \/>\n<meta property=\"og:url\" content=\"https:\/\/derbe.it\/de\/produkt\/spulungsemulsion\/\" \/>\n<meta property=\"og:site_name\" content=\"Derbe - cosmetici naturali\" \/>\n<meta property=\"article:publisher\" content=\"https:\/\/www.facebook.com\/evoderbebio\" \/>\n<meta property=\"article:modified_time\" content=\"2026-05-06T10:36:59+00:00\" \/>\n<meta property=\"og:image\" content=\"https:\/\/derbe.it\/wp-content\/uploads\/2025\/05\/balsamo-emulsione-derbe-capelli-aridi-opachi-doppie-punte-derbe.jpg\" \/>\n\t<meta property=\"og:image:width\" content=\"1600\" \/>\n\t<meta property=\"og:image:height\" content=\"2000\" \/>\n\t<meta property=\"og:image:type\" content=\"image\/jpeg\" \/>\n<meta name=\"twitter:card\" content=\"summary_large_image\" \/>\n<meta name=\"twitter:label1\" content=\"Gesch\u00e4tzte Lesezeit\" \/>\n\t<meta name=\"twitter:data1\" content=\"1\u00a0Minute\" \/>\n<script type=\"application\/ld+json\" class=\"yoast-schema-graph\">{\"@context\":\"https:\\\/\\\/schema.org\",\"@graph\":[{\"@type\":\"WebPage\",\"@id\":\"https:\\\/\\\/derbe.it\\\/prodotto\\\/emulsione-balsamo\\\/\",\"url\":\"https:\\\/\\\/derbe.it\\\/prodotto\\\/emulsione-balsamo\\\/\",\"name\":\"Emulsione Balsamo - Derbe - cosmetici naturali\",\"isPartOf\":{\"@id\":\"https:\\\/\\\/derbe.it\\\/#website\"},\"primaryImageOfPage\":{\"@id\":\"https:\\\/\\\/derbe.it\\\/prodotto\\\/emulsione-balsamo\\\/#primaryimage\"},\"image\":{\"@id\":\"https:\\\/\\\/derbe.it\\\/prodotto\\\/emulsione-balsamo\\\/#primaryimage\"},\"thumbnailUrl\":\"https:\\\/\\\/derbe.it\\\/wp-content\\\/uploads\\\/2025\\\/05\\\/balsamo-emulsione-derbe-capelli-aridi-opachi-doppie-punte-derbe.jpg\",\"datePublished\":\"2018-09-26T08:11:29+00:00\",\"dateModified\":\"2026-05-06T10:36:59+00:00\",\"description\":\"Meraviglioso balsamo per cute e capelli sfibrati, aridi, con doppie punte e aggrediti da trattamenti cosmetici o da fattori climatici avversi. Dona lucentezza, pettinabilit\u00e0 e volume ai capelli fini.\u00a0Contiene olii essenziali di lavanda che rafforza, timo e propoli che igienizzano, mentolo che rinfresca e polline che nutre.\",\"breadcrumb\":{\"@id\":\"https:\\\/\\\/derbe.it\\\/prodotto\\\/emulsione-balsamo\\\/#breadcrumb\"},\"inLanguage\":\"de\",\"potentialAction\":[{\"@type\":\"ReadAction\",\"target\":[\"https:\\\/\\\/derbe.it\\\/prodotto\\\/emulsione-balsamo\\\/\"]}]},{\"@type\":\"ImageObject\",\"inLanguage\":\"de\",\"@id\":\"https:\\\/\\\/derbe.it\\\/prodotto\\\/emulsione-balsamo\\\/#primaryimage\",\"url\":\"https:\\\/\\\/derbe.it\\\/wp-content\\\/uploads\\\/2025\\\/05\\\/balsamo-emulsione-derbe-capelli-aridi-opachi-doppie-punte-derbe.jpg\",\"contentUrl\":\"https:\\\/\\\/derbe.it\\\/wp-content\\\/uploads\\\/2025\\\/05\\\/balsamo-emulsione-derbe-capelli-aridi-opachi-doppie-punte-derbe.jpg\",\"width\":1600,\"height\":2000},{\"@type\":\"BreadcrumbList\",\"@id\":\"https:\\\/\\\/derbe.it\\\/prodotto\\\/emulsione-balsamo\\\/#breadcrumb\",\"itemListElement\":[{\"@type\":\"ListItem\",\"position\":1,\"name\":\"Home\",\"item\":\"https:\\\/\\\/derbe.it\\\/\"},{\"@type\":\"ListItem\",\"position\":2,\"name\":\"Shop\",\"item\":\"https:\\\/\\\/derbe.it\\\/en\\\/shop\\\/\"},{\"@type\":\"ListItem\",\"position\":3,\"name\":\"Maschere e balsami\",\"item\":\"https:\\\/\\\/derbe.it\\\/categoria-prodotto\\\/maschere-e-balsami\\\/\"},{\"@type\":\"ListItem\",\"position\":4,\"name\":\"Emulsione Balsamo\"}]},{\"@type\":\"WebSite\",\"@id\":\"https:\\\/\\\/derbe.it\\\/#website\",\"url\":\"https:\\\/\\\/derbe.it\\\/\",\"name\":\"Derbe\",\"description\":\"Da oltre 50 anni - Made in italy - prodotti per capelli e corpo con estratti vegetali e formule sostenibili\",\"publisher\":{\"@id\":\"https:\\\/\\\/derbe.it\\\/#organization\"},\"potentialAction\":[{\"@type\":\"SearchAction\",\"target\":{\"@type\":\"EntryPoint\",\"urlTemplate\":\"https:\\\/\\\/derbe.it\\\/?s={search_term_string}\"},\"query-input\":{\"@type\":\"PropertyValueSpecification\",\"valueRequired\":true,\"valueName\":\"search_term_string\"}}],\"inLanguage\":\"de\"},{\"@type\":\"Organization\",\"@id\":\"https:\\\/\\\/derbe.it\\\/#organization\",\"name\":\"Derbe\",\"url\":\"https:\\\/\\\/derbe.it\\\/\",\"logo\":{\"@type\":\"ImageObject\",\"inLanguage\":\"de\",\"@id\":\"https:\\\/\\\/derbe.it\\\/#\\\/schema\\\/logo\\\/image\\\/\",\"url\":\"https:\\\/\\\/derbe.it\\\/wp-content\\\/uploads\\\/2025\\\/06\\\/logo_derbe_firenze.png\",\"contentUrl\":\"https:\\\/\\\/derbe.it\\\/wp-content\\\/uploads\\\/2025\\\/06\\\/logo_derbe_firenze.png\",\"width\":1200,\"height\":497,\"caption\":\"Derbe\"},\"image\":{\"@id\":\"https:\\\/\\\/derbe.it\\\/#\\\/schema\\\/logo\\\/image\\\/\"},\"sameAs\":[\"https:\\\/\\\/www.facebook.com\\\/evoderbebio\",\"https:\\\/\\\/www.instagram.com\\\/derbe.official\\\/\"],\"email\":\"info@derbe.it\",\"telephone\":\"+39 055 42 11 799\",\"legalName\":\"Derbe S.r.l. a socio unico\",\"vatID\":\"07272610481\"}]}<\/script>\n<!-- \/ Yoast SEO Premium plugin. -->","yoast_head_json":{"title":"Emulsionsbalsam - Derbe - Naturkosmetik","description":"Eine wunderbare Pflegesp\u00fclung f\u00fcr strapaziertes, trockenes Haar, mit Spliss, sowie durch kosmetische Behandlungen oder widrige Wetterbedingungen gesch\u00e4digtes Haar. Verleiht feinem Haar Glanz, Geschmeidigkeit und Volumen. Enth\u00e4lt \u00e4therische Lavendel\u00f6le zur St\u00e4rkung, Thymian und Propolis zur Desinfektion, Menthol zur Erfrischung und Pollen zur Pflege.","robots":{"index":"index","follow":"follow","max-snippet":"max-snippet:-1","max-image-preview":"max-image-preview:large","max-video-preview":"max-video-preview:-1"},"canonical":"https:\/\/derbe.it\/de\/produkt\/spulungsemulsion\/","og_locale":"de_DE","og_type":"article","og_title":"Emulsione Balsamo","og_description":"Meraviglioso balsamo per cute e capelli sfibrati, aridi, con doppie punte e aggrediti da trattamenti cosmetici o da fattori climatici avversi. Dona lucentezza, pettinabilit\u00e0 e volume ai capelli fini.\u00a0Contiene olii essenziali di lavanda che rafforza, timo e propoli che igienizzano, mentolo che rinfresca e polline che nutre.","og_url":"https:\/\/derbe.it\/de\/produkt\/spulungsemulsion\/","og_site_name":"Derbe - cosmetici naturali","article_publisher":"https:\/\/www.facebook.com\/evoderbebio","article_modified_time":"2026-05-06T10:36:59+00:00","og_image":[{"width":1600,"height":2000,"url":"https:\/\/derbe.it\/wp-content\/uploads\/2025\/05\/balsamo-emulsione-derbe-capelli-aridi-opachi-doppie-punte-derbe.jpg","type":"image\/jpeg"}],"twitter_card":"summary_large_image","twitter_misc":{"Gesch\u00e4tzte Lesezeit":"1\u00a0Minute"},"schema":{"@context":"https:\/\/schema.org","@graph":[{"@type":"WebPage","@id":"https:\/\/derbe.it\/prodotto\/emulsione-balsamo\/","url":"https:\/\/derbe.it\/prodotto\/emulsione-balsamo\/","name":"Emulsionsbalsam - Derbe - Naturkosmetik","isPartOf":{"@id":"https:\/\/derbe.it\/#website"},"primaryImageOfPage":{"@id":"https:\/\/derbe.it\/prodotto\/emulsione-balsamo\/#primaryimage"},"image":{"@id":"https:\/\/derbe.it\/prodotto\/emulsione-balsamo\/#primaryimage"},"thumbnailUrl":"https:\/\/derbe.it\/wp-content\/uploads\/2025\/05\/balsamo-emulsione-derbe-capelli-aridi-opachi-doppie-punte-derbe.jpg","datePublished":"2018-09-26T08:11:29+00:00","dateModified":"2026-05-06T10:36:59+00:00","description":"Eine wunderbare Pflegesp\u00fclung f\u00fcr strapaziertes, trockenes Haar, mit Spliss, sowie durch kosmetische Behandlungen oder widrige Wetterbedingungen gesch\u00e4digtes Haar. Verleiht feinem Haar Glanz, Geschmeidigkeit und Volumen. Enth\u00e4lt \u00e4therische Lavendel\u00f6le zur St\u00e4rkung, Thymian und Propolis zur Desinfektion, Menthol zur Erfrischung und Pollen zur Pflege.","breadcrumb":{"@id":"https:\/\/derbe.it\/prodotto\/emulsione-balsamo\/#breadcrumb"},"inLanguage":"de","potentialAction":[{"@type":"ReadAction","target":["https:\/\/derbe.it\/prodotto\/emulsione-balsamo\/"]}]},{"@type":"ImageObject","inLanguage":"de","@id":"https:\/\/derbe.it\/prodotto\/emulsione-balsamo\/#primaryimage","url":"https:\/\/derbe.it\/wp-content\/uploads\/2025\/05\/balsamo-emulsione-derbe-capelli-aridi-opachi-doppie-punte-derbe.jpg","contentUrl":"https:\/\/derbe.it\/wp-content\/uploads\/2025\/05\/balsamo-emulsione-derbe-capelli-aridi-opachi-doppie-punte-derbe.jpg","width":1600,"height":2000},{"@type":"BreadcrumbList","@id":"https:\/\/derbe.it\/prodotto\/emulsione-balsamo\/#breadcrumb","itemListElement":[{"@type":"ListItem","position":1,"name":"Home","item":"https:\/\/derbe.it\/"},{"@type":"ListItem","position":2,"name":"Shop","item":"https:\/\/derbe.it\/en\/shop\/"},{"@type":"ListItem","position":3,"name":"Maschere e balsami","item":"https:\/\/derbe.it\/categoria-prodotto\/maschere-e-balsami\/"},{"@type":"ListItem","position":4,"name":"Emulsione Balsamo"}]},{"@type":"WebSite","@id":"https:\/\/derbe.it\/#website","url":"https:\/\/derbe.it\/","name":"Derbe","description":"Seit \u00fcber 50 Jahren \u2013 Hergestellt in Italien \u2013 Haar- und K\u00f6rperpflegeprodukte mit Pflanzenextrakten und nachhaltigen Rezepturen","publisher":{"@id":"https:\/\/derbe.it\/#organization"},"potentialAction":[{"@type":"SearchAction","target":{"@type":"EntryPoint","urlTemplate":"https:\/\/derbe.it\/?s={search_term_string}"},"query-input":{"@type":"PropertyValueSpecification","valueRequired":true,"valueName":"search_term_string"}}],"inLanguage":"de"},{"@type":"Organization","@id":"https:\/\/derbe.it\/#organization","name":"Derbe","url":"https:\/\/derbe.it\/","logo":{"@type":"ImageObject","inLanguage":"de","@id":"https:\/\/derbe.it\/#\/schema\/logo\/image\/","url":"https:\/\/derbe.it\/wp-content\/uploads\/2025\/06\/logo_derbe_firenze.png","contentUrl":"https:\/\/derbe.it\/wp-content\/uploads\/2025\/06\/logo_derbe_firenze.png","width":1200,"height":497,"caption":"Derbe"},"image":{"@id":"https:\/\/derbe.it\/#\/schema\/logo\/image\/"},"sameAs":["https:\/\/www.facebook.com\/evoderbebio","https:\/\/www.instagram.com\/derbe.official\/"],"email":"info@derbe.it","telephone":"+39 055 42 11 799","legalName":"Derbe S.r.l. a socio unico","vatID":"07272610481"}]}},"_links":{"self":[{"href":"https:\/\/derbe.it\/de\/wp-json\/wp\/v2\/product\/279","targetHints":{"allow":["GET"]}}],"collection":[{"href":"https:\/\/derbe.it\/de\/wp-json\/wp\/v2\/product"}],"about":[{"href":"https:\/\/derbe.it\/de\/wp-json\/wp\/v2\/types\/product"}],"wp:featuredmedia":[{"embeddable":true,"href":"https:\/\/derbe.it\/de\/wp-json\/wp\/v2\/media\/280"}],"wp:attachment":[{"href":"https:\/\/derbe.it\/de\/wp-json\/wp\/v2\/media?parent=279"}],"wp:term":[{"taxonomy":"caratteristica","embeddable":true,"href":"https:\/\/derbe.it\/de\/wp-json\/wp\/v2\/caratteristica?post=279"},{"taxonomy":"collezione","embeddable":true,"href":"https:\/\/derbe.it\/de\/wp-json\/wp\/v2\/collezione?post=279"},{"taxonomy":"formato","embeddable":true,"href":"https:\/\/derbe.it\/de\/wp-json\/wp\/v2\/formato?post=279"},{"taxonomy":"funzione","embeddable":true,"href":"https:\/\/derbe.it\/de\/wp-json\/wp\/v2\/funzione?post=279"},{"taxonomy":"utilizzo","embeddable":true,"href":"https:\/\/derbe.it\/de\/wp-json\/wp\/v2\/utilizzo?post=279"},{"taxonomy":"ingrediente-principale","embeddable":true,"href":"https:\/\/derbe.it\/de\/wp-json\/wp\/v2\/ingrediente-principale?post=279"},{"taxonomy":"product_brand","embeddable":true,"href":"https:\/\/derbe.it\/de\/wp-json\/wp\/v2\/product_brand?post=279"},{"taxonomy":"product_cat","embeddable":true,"href":"https:\/\/derbe.it\/de\/wp-json\/wp\/v2\/product_cat?post=279"},{"taxonomy":"product_tag","embeddable":true,"href":"https:\/\/derbe.it\/de\/wp-json\/wp\/v2\/product_tag?post=279"}],"curies":[{"name":"wp","href":"https:\/\/api.w.org\/{rel}","templated":true}]}}