{"id":266,"date":"2018-09-26T10:10:53","date_gmt":"2018-09-26T08:10:53","guid":{"rendered":"https:\/\/derbe.it\/prodotto\/crema-capillare-seres\/"},"modified":"2025-10-09T10:43:49","modified_gmt":"2025-10-09T08:43:49","slug":"crema-para-el-cabello-seres","status":"publish","type":"product","link":"https:\/\/derbe.it\/es\/producto\/crema-para-el-cabello-seres\/","title":{"rendered":"Crema para el cabello Seres"},"content":{"rendered":"<p>\u00a1SERES le da un toque de primavera m\u00e1gica a tu cabello!<br \/>\nEsta emulsi\u00f3n, siempre llamada &quot;el acondicionador maravilloso&quot;, es el secreto de la vitalidad del cuero cabelludo y la belleza del cabello, es su primavera que se renueva con su toque.<br \/>\nSeres es esencial para mejorar el estado hidrolip\u00eddico y \u00e1cido del cuero cabelludo, para combatir el empobrecimiento estructural del cabello lavado con detergentes alcalinos o tratado con l\u00edquidos qu\u00edmicos de peinado y para dar m\u00e1s cuerpo y volumen al cabello fino y con ca\u00edda.<\/p>\n<p>Combate el deterioro estructural del cabello y el desequilibrio hidrolip\u00eddico y \u00e1cido del cuero cabelludo causado por todo tipo de agresiones: clim\u00e1ticas, ambientales, peinados qu\u00edmicos o limpiezas excesivamente frecuentes o agresivas. Se puede usar como mascarilla para nutrir el cuero cabelludo y aportar suavidad, cuerpo y vigor al cabello; como acondicionador y desenredante para fortalecer el cabello, minimizar las puntas abiertas y eliminar los encrespamientos t\u00edpicos del cabello seco; y como un toque de brillo, en peque\u00f1as cantidades y sin enjuague, para que el cabello sea m\u00e1s manejable.<\/p>","protected":false},"excerpt":{"rendered":"<p>In ogni circostanza, in ogni luogo: questo \u00e8 il preparato unico &#8220;indispensabile&#8221; per i tuoi capelli! Balsamo nutriente, lucidante, districante, protettivo, deelettrizzante, dona ai capelli fini e cadenti pi\u00f9 corpo e forza e pi\u00f9 volume alla chioma. [&#8230;]<\/p>\n<p><a class=\"btn btn-secondary understrap-read-more-link\" href=\"https:\/\/derbe.it\/es\/producto\/crema-para-el-cabello-seres\/\">Leer m\u00e1s\u2026<span class=\"screen-reader-text\"> from Crema Capillare Seres<\/span><\/a><\/p>","protected":false},"featured_media":267,"template":"","meta":{"_acf_changed":false},"caratteristica":[],"collezione":[60],"formato":[],"funzione":[83,85],"utilizzo":[],"ingrediente-principale":[],"product_brand":[],"product_cat":[101],"product_tag":[],"class_list":{"0":"post-266","1":"product","2":"type-product","3":"status-publish","4":"has-post-thumbnail","6":"collezione-seres","7":"funzione-capelli-normali-equilibrati","8":"funzione-capelli-secchi-disidratati","9":"product_cat-maschere-e-balsami","11":"first","12":"instock","13":"purchasable","14":"product-type-simple"},"acf":[],"yoast_head":"<!-- This site is optimized with the Yoast SEO Premium plugin v26.1 (Yoast SEO v26.8) - https:\/\/yoast.com\/product\/yoast-seo-premium-wordpress\/ -->\n<title>Crema Capillare Seres - Derbe - cosmetici naturali<\/title>\n<meta name=\"description\" content=\"In ogni circostanza, in ogni luogo: questo \u00e8 il preparato unico &quot;indispensabile&quot; per i tuoi capelli! Balsamo nutriente, lucidante, districante, protettivo, deelettrizzante, dona ai capelli fini e cadenti pi\u00f9 corpo e forza e pi\u00f9 volume alla chioma.\" \/>\n<meta name=\"robots\" content=\"index, follow, max-snippet:-1, max-image-preview:large, max-video-preview:-1\" \/>\n<link rel=\"canonical\" href=\"https:\/\/derbe.it\/es\/producto\/crema-para-el-cabello-seres\/\" \/>\n<meta property=\"og:locale\" content=\"es_ES\" \/>\n<meta property=\"og:type\" content=\"article\" \/>\n<meta property=\"og:title\" content=\"Crema Capillare Seres\" \/>\n<meta property=\"og:description\" content=\"In ogni circostanza, in ogni luogo: questo \u00e8 il preparato unico &quot;indispensabile&quot; per i tuoi capelli! Balsamo nutriente, lucidante, districante, protettivo, deelettrizzante, dona ai capelli fini e cadenti pi\u00f9 corpo e forza e pi\u00f9 volume alla chioma.\" \/>\n<meta property=\"og:url\" content=\"https:\/\/derbe.it\/es\/producto\/crema-para-el-cabello-seres\/\" \/>\n<meta property=\"og:site_name\" content=\"Derbe - cosmetici naturali\" \/>\n<meta property=\"article:publisher\" content=\"https:\/\/www.facebook.com\/evoderbebio\" \/>\n<meta property=\"article:modified_time\" content=\"2025-10-09T08:43:49+00:00\" \/>\n<meta property=\"og:image\" content=\"https:\/\/derbe.it\/wp-content\/uploads\/2025\/05\/crema-capillare-seres-derbe_125.jpg\" \/>\n\t<meta property=\"og:image:width\" content=\"1600\" \/>\n\t<meta property=\"og:image:height\" content=\"2000\" \/>\n\t<meta property=\"og:image:type\" content=\"image\/jpeg\" \/>\n<meta name=\"twitter:card\" content=\"summary_large_image\" \/>\n<meta name=\"twitter:label1\" content=\"Tiempo de lectura\" \/>\n\t<meta name=\"twitter:data1\" content=\"2 minutos\" \/>\n<script type=\"application\/ld+json\" class=\"yoast-schema-graph\">{\"@context\":\"https:\/\/schema.org\",\"@graph\":[{\"@type\":\"WebPage\",\"@id\":\"https:\/\/derbe.it\/prodotto\/crema-capillare-seres\/\",\"url\":\"https:\/\/derbe.it\/prodotto\/crema-capillare-seres\/\",\"name\":\"Crema Capillare Seres - Derbe - cosmetici naturali\",\"isPartOf\":{\"@id\":\"https:\/\/derbe.it\/#website\"},\"primaryImageOfPage\":{\"@id\":\"https:\/\/derbe.it\/prodotto\/crema-capillare-seres\/#primaryimage\"},\"image\":{\"@id\":\"https:\/\/derbe.it\/prodotto\/crema-capillare-seres\/#primaryimage\"},\"thumbnailUrl\":\"https:\/\/derbe.it\/wp-content\/uploads\/2025\/05\/crema-capillare-seres-derbe_125.jpg\",\"datePublished\":\"2018-09-26T08:10:53+00:00\",\"dateModified\":\"2025-10-09T08:43:49+00:00\",\"description\":\"In ogni circostanza, in ogni luogo: questo \u00e8 il preparato unico \\\"indispensabile\\\" per i tuoi capelli! Balsamo nutriente, lucidante, districante, protettivo, deelettrizzante, dona ai capelli fini e cadenti pi\u00f9 corpo e forza e pi\u00f9 volume alla chioma.\",\"breadcrumb\":{\"@id\":\"https:\/\/derbe.it\/prodotto\/crema-capillare-seres\/#breadcrumb\"},\"inLanguage\":\"es\",\"potentialAction\":[{\"@type\":\"ReadAction\",\"target\":[\"https:\/\/derbe.it\/prodotto\/crema-capillare-seres\/\"]}]},{\"@type\":\"ImageObject\",\"inLanguage\":\"es\",\"@id\":\"https:\/\/derbe.it\/prodotto\/crema-capillare-seres\/#primaryimage\",\"url\":\"https:\/\/derbe.it\/wp-content\/uploads\/2025\/05\/crema-capillare-seres-derbe_125.jpg\",\"contentUrl\":\"https:\/\/derbe.it\/wp-content\/uploads\/2025\/05\/crema-capillare-seres-derbe_125.jpg\",\"width\":1600,\"height\":2000},{\"@type\":\"BreadcrumbList\",\"@id\":\"https:\/\/derbe.it\/prodotto\/crema-capillare-seres\/#breadcrumb\",\"itemListElement\":[{\"@type\":\"ListItem\",\"position\":1,\"name\":\"Home\",\"item\":\"https:\/\/derbe.it\/\"},{\"@type\":\"ListItem\",\"position\":2,\"name\":\"Shop\",\"item\":\"https:\/\/derbe.it\/en\/shop\/\"},{\"@type\":\"ListItem\",\"position\":3,\"name\":\"Maschere e balsami\",\"item\":\"https:\/\/derbe.it\/categoria-prodotto\/maschere-e-balsami\/\"},{\"@type\":\"ListItem\",\"position\":4,\"name\":\"Crema Capillare Seres\"}]},{\"@type\":\"WebSite\",\"@id\":\"https:\/\/derbe.it\/#website\",\"url\":\"https:\/\/derbe.it\/\",\"name\":\"Derbe\",\"description\":\"Da oltre 50 anni - Made in italy - prodotti per capelli e corpo con estratti vegetali e formule sostenibili\",\"publisher\":{\"@id\":\"https:\/\/derbe.it\/#organization\"},\"potentialAction\":[{\"@type\":\"SearchAction\",\"target\":{\"@type\":\"EntryPoint\",\"urlTemplate\":\"https:\/\/derbe.it\/?s={search_term_string}\"},\"query-input\":{\"@type\":\"PropertyValueSpecification\",\"valueRequired\":true,\"valueName\":\"search_term_string\"}}],\"inLanguage\":\"es\"},{\"@type\":\"Organization\",\"@id\":\"https:\/\/derbe.it\/#organization\",\"name\":\"Derbe\",\"url\":\"https:\/\/derbe.it\/\",\"logo\":{\"@type\":\"ImageObject\",\"inLanguage\":\"es\",\"@id\":\"https:\/\/derbe.it\/#\/schema\/logo\/image\/\",\"url\":\"https:\/\/derbe.it\/wp-content\/uploads\/2025\/06\/logo_derbe_firenze.png\",\"contentUrl\":\"https:\/\/derbe.it\/wp-content\/uploads\/2025\/06\/logo_derbe_firenze.png\",\"width\":1200,\"height\":497,\"caption\":\"Derbe\"},\"image\":{\"@id\":\"https:\/\/derbe.it\/#\/schema\/logo\/image\/\"},\"sameAs\":[\"https:\/\/www.facebook.com\/evoderbebio\",\"https:\/\/www.instagram.com\/derbe.official\/\"],\"email\":\"info@derbe.it\",\"telephone\":\"+39 055 42 11 799\",\"legalName\":\"Derbe S.r.l. a socio unico\",\"vatID\":\"07272610481\"}]}<\/script>\n<!-- \/ Yoast SEO Premium plugin. -->","yoast_head_json":{"title":"Crema capilar Seres - Derbe - cosm\u00e9tica natural","description":"En cualquier circunstancia y lugar: \u00a1este es el producto imprescindible para tu cabello! Acondicionador nutritivo, que realza el brillo, desenreda, protege y previene la est\u00e1tica. Le da cuerpo y fuerza al cabello fino y con ca\u00edda, y le aporta volumen.","robots":{"index":"index","follow":"follow","max-snippet":"max-snippet:-1","max-image-preview":"max-image-preview:large","max-video-preview":"max-video-preview:-1"},"canonical":"https:\/\/derbe.it\/es\/producto\/crema-para-el-cabello-seres\/","og_locale":"es_ES","og_type":"article","og_title":"Crema Capillare Seres","og_description":"In ogni circostanza, in ogni luogo: questo \u00e8 il preparato unico \"indispensabile\" per i tuoi capelli! Balsamo nutriente, lucidante, districante, protettivo, deelettrizzante, dona ai capelli fini e cadenti pi\u00f9 corpo e forza e pi\u00f9 volume alla chioma.","og_url":"https:\/\/derbe.it\/es\/producto\/crema-para-el-cabello-seres\/","og_site_name":"Derbe - cosmetici naturali","article_publisher":"https:\/\/www.facebook.com\/evoderbebio","article_modified_time":"2025-10-09T08:43:49+00:00","og_image":[{"width":1600,"height":2000,"url":"https:\/\/derbe.it\/wp-content\/uploads\/2025\/05\/crema-capillare-seres-derbe_125.jpg","type":"image\/jpeg"}],"twitter_card":"summary_large_image","twitter_misc":{"Tiempo de lectura":"2 minutos"},"schema":{"@context":"https:\/\/schema.org","@graph":[{"@type":"WebPage","@id":"https:\/\/derbe.it\/prodotto\/crema-capillare-seres\/","url":"https:\/\/derbe.it\/prodotto\/crema-capillare-seres\/","name":"Crema capilar Seres - Derbe - cosm\u00e9tica natural","isPartOf":{"@id":"https:\/\/derbe.it\/#website"},"primaryImageOfPage":{"@id":"https:\/\/derbe.it\/prodotto\/crema-capillare-seres\/#primaryimage"},"image":{"@id":"https:\/\/derbe.it\/prodotto\/crema-capillare-seres\/#primaryimage"},"thumbnailUrl":"https:\/\/derbe.it\/wp-content\/uploads\/2025\/05\/crema-capillare-seres-derbe_125.jpg","datePublished":"2018-09-26T08:10:53+00:00","dateModified":"2025-10-09T08:43:49+00:00","description":"En cualquier circunstancia y lugar: \u00a1este es el producto imprescindible para tu cabello! Acondicionador nutritivo, que realza el brillo, desenreda, protege y previene la est\u00e1tica. Le da cuerpo y fuerza al cabello fino y con ca\u00edda, y le aporta volumen.","breadcrumb":{"@id":"https:\/\/derbe.it\/prodotto\/crema-capillare-seres\/#breadcrumb"},"inLanguage":"es","potentialAction":[{"@type":"ReadAction","target":["https:\/\/derbe.it\/prodotto\/crema-capillare-seres\/"]}]},{"@type":"ImageObject","inLanguage":"es","@id":"https:\/\/derbe.it\/prodotto\/crema-capillare-seres\/#primaryimage","url":"https:\/\/derbe.it\/wp-content\/uploads\/2025\/05\/crema-capillare-seres-derbe_125.jpg","contentUrl":"https:\/\/derbe.it\/wp-content\/uploads\/2025\/05\/crema-capillare-seres-derbe_125.jpg","width":1600,"height":2000},{"@type":"BreadcrumbList","@id":"https:\/\/derbe.it\/prodotto\/crema-capillare-seres\/#breadcrumb","itemListElement":[{"@type":"ListItem","position":1,"name":"Home","item":"https:\/\/derbe.it\/"},{"@type":"ListItem","position":2,"name":"Shop","item":"https:\/\/derbe.it\/en\/shop\/"},{"@type":"ListItem","position":3,"name":"Maschere e balsami","item":"https:\/\/derbe.it\/categoria-prodotto\/maschere-e-balsami\/"},{"@type":"ListItem","position":4,"name":"Crema Capillare Seres"}]},{"@type":"WebSite","@id":"https:\/\/derbe.it\/#website","url":"https:\/\/derbe.it\/","name":"Derbe","description":"Desde hace m\u00e1s de 50 a\u00f1os - Hecho en Italia - Productos para el cabello y el cuerpo con extractos de plantas y f\u00f3rmulas sostenibles","publisher":{"@id":"https:\/\/derbe.it\/#organization"},"potentialAction":[{"@type":"SearchAction","target":{"@type":"EntryPoint","urlTemplate":"https:\/\/derbe.it\/?s={search_term_string}"},"query-input":{"@type":"PropertyValueSpecification","valueRequired":true,"valueName":"search_term_string"}}],"inLanguage":"es"},{"@type":"Organization","@id":"https:\/\/derbe.it\/#organization","name":"Derbe","url":"https:\/\/derbe.it\/","logo":{"@type":"ImageObject","inLanguage":"es","@id":"https:\/\/derbe.it\/#\/schema\/logo\/image\/","url":"https:\/\/derbe.it\/wp-content\/uploads\/2025\/06\/logo_derbe_firenze.png","contentUrl":"https:\/\/derbe.it\/wp-content\/uploads\/2025\/06\/logo_derbe_firenze.png","width":1200,"height":497,"caption":"Derbe"},"image":{"@id":"https:\/\/derbe.it\/#\/schema\/logo\/image\/"},"sameAs":["https:\/\/www.facebook.com\/evoderbebio","https:\/\/www.instagram.com\/derbe.official\/"],"email":"info@derbe.it","telephone":"+39 055 42 11 799","legalName":"Derbe S.r.l. a socio unico","vatID":"07272610481"}]}},"_links":{"self":[{"href":"https:\/\/derbe.it\/es\/wp-json\/wp\/v2\/product\/266","targetHints":{"allow":["GET"]}}],"collection":[{"href":"https:\/\/derbe.it\/es\/wp-json\/wp\/v2\/product"}],"about":[{"href":"https:\/\/derbe.it\/es\/wp-json\/wp\/v2\/types\/product"}],"wp:featuredmedia":[{"embeddable":true,"href":"https:\/\/derbe.it\/es\/wp-json\/wp\/v2\/media\/267"}],"wp:attachment":[{"href":"https:\/\/derbe.it\/es\/wp-json\/wp\/v2\/media?parent=266"}],"wp:term":[{"taxonomy":"caratteristica","embeddable":true,"href":"https:\/\/derbe.it\/es\/wp-json\/wp\/v2\/caratteristica?post=266"},{"taxonomy":"collezione","embeddable":true,"href":"https:\/\/derbe.it\/es\/wp-json\/wp\/v2\/collezione?post=266"},{"taxonomy":"formato","embeddable":true,"href":"https:\/\/derbe.it\/es\/wp-json\/wp\/v2\/formato?post=266"},{"taxonomy":"funzione","embeddable":true,"href":"https:\/\/derbe.it\/es\/wp-json\/wp\/v2\/funzione?post=266"},{"taxonomy":"utilizzo","embeddable":true,"href":"https:\/\/derbe.it\/es\/wp-json\/wp\/v2\/utilizzo?post=266"},{"taxonomy":"ingrediente-principale","embeddable":true,"href":"https:\/\/derbe.it\/es\/wp-json\/wp\/v2\/ingrediente-principale?post=266"},{"taxonomy":"product_brand","embeddable":true,"href":"https:\/\/derbe.it\/es\/wp-json\/wp\/v2\/product_brand?post=266"},{"taxonomy":"product_cat","embeddable":true,"href":"https:\/\/derbe.it\/es\/wp-json\/wp\/v2\/product_cat?post=266"},{"taxonomy":"product_tag","embeddable":true,"href":"https:\/\/derbe.it\/es\/wp-json\/wp\/v2\/product_tag?post=266"}],"curies":[{"name":"wp","href":"https:\/\/api.w.org\/{rel}","templated":true}]}}