{"id":284,"date":"2018-09-26T10:11:58","date_gmt":"2018-09-26T08:11:58","guid":{"rendered":"https:\/\/derbe.it\/prodotto\/maschera-centella\/"},"modified":"2025-06-24T16:41:22","modified_gmt":"2025-06-24T14:41:22","slug":"masque-a-la-centella","status":"publish","type":"product","link":"https:\/\/derbe.it\/fr\/produit\/masque-a-la-centella\/","title":{"rendered":"Masque Centella"},"content":{"rendered":"<p>Le masque Centella est un <strong>conditionneur sp\u00e9cifique \u00e0 pH acide<\/strong> avec de multiples fonctions : <strong>donne brillance, souplesse, douceur aux cheveux fins<\/strong>, affaiss\u00e9 et manquant de corps et de vitalit\u00e9, luttant contre le teint terne et les pointes fourchues.<\/p>\n<p>Il prot\u00e8ge les cheveux et le cuir chevelu des agressions climatiques, du s\u00e8che-cheveux, du sel marin, des bains fr\u00e9quents et des traitements capillaires tels que les permanentes, les teintures, les d\u00e9colorations, etc.<\/p>\n<p>Il favorise le maintien de la couche nourrissante de la peau, de son film hydrolipidique et de son acidit\u00e9 naturelle, l&#039;aidant \u00e0 rester douce et donc bien nourrie et bien irrigu\u00e9e.<\/p>\n<p>L&#039;action du masque est dirig\u00e9e et renforc\u00e9e par la pr\u00e9sence de Centella asiatica.<\/p>","protected":false},"excerpt":{"rendered":"<p>Masque pour cheveux ab\u00eem\u00e9s, secs, d\u00e9shydrat\u00e9s et cuir chevelu sensibilis\u00e9.<\/p>\n<p>Contiene centella, dalle capacit\u00e0 vulnerarie per attenuare le offese subite dalla cute da trattamenti troppo aggressivi, polline, pappa reale, olii essenziali. Dona lucentezza, splendore, volume ai capelli fini, cadenti e privi di vitalit\u00e0 e aiuta a mantenere nutrito e idratato il cuoio capelluto. [&#8230;]<\/p>\n<p><a class=\"btn btn-secondary understrap-read-more-link\" href=\"https:\/\/derbe.it\/fr\/produit\/masque-a-la-centella\/\">En savoir plus\u2026<span class=\"screen-reader-text\"> from Maschera Centella<\/span><\/a><\/p>","protected":false},"featured_media":285,"template":"","meta":{"_acf_changed":false},"caratteristica":[],"collezione":[],"formato":[],"funzione":[86],"utilizzo":[],"ingrediente-principale":[],"product_brand":[],"product_cat":[101],"product_tag":[],"class_list":{"0":"post-284","1":"product","2":"type-product","3":"status-publish","4":"has-post-thumbnail","6":"funzione-capellli-danneggiati","7":"product_cat-maschere-e-balsami","9":"first","10":"instock","11":"purchasable","12":"product-type-simple"},"acf":[],"yoast_head":"<!-- This site is optimized with the Yoast SEO Premium plugin v26.1 (Yoast SEO v26.8) - https:\/\/yoast.com\/product\/yoast-seo-premium-wordpress\/ -->\n<title>Maschera Centella - Derbe - cosmetici naturali<\/title>\n<meta name=\"description\" content=\"Maschera per capelli sfibrati, aridi, disidratati e cute sensibilizzata . Contiene centella, dalle capacit\u00e0 vulnerarie per attenuare le offese subite dalla cute da trattamenti troppo aggressivi, polline, pappa reale, olii essenziali. Dona lucentezza, splendore, volume ai capelli fini, cadenti e privi di vitalit\u00e0 e aiuta a mantenere nutrito e idratato il cuoio capelluto.\" \/>\n<meta name=\"robots\" content=\"index, follow, max-snippet:-1, max-image-preview:large, max-video-preview:-1\" \/>\n<link rel=\"canonical\" href=\"https:\/\/derbe.it\/fr\/produit\/masque-a-la-centella\/\" \/>\n<meta property=\"og:locale\" content=\"fr_FR\" \/>\n<meta property=\"og:type\" content=\"article\" \/>\n<meta property=\"og:title\" content=\"Maschera Centella\" \/>\n<meta property=\"og:description\" content=\"Maschera per capelli sfibrati, aridi, disidratati e cute sensibilizzata . Contiene centella, dalle capacit\u00e0 vulnerarie per attenuare le offese subite dalla cute da trattamenti troppo aggressivi, polline, pappa reale, olii essenziali. Dona lucentezza, splendore, volume ai capelli fini, cadenti e privi di vitalit\u00e0 e aiuta a mantenere nutrito e idratato il cuoio capelluto.\" \/>\n<meta property=\"og:url\" content=\"https:\/\/derbe.it\/fr\/produit\/masque-a-la-centella\/\" \/>\n<meta property=\"og:site_name\" content=\"Derbe - cosmetici naturali\" \/>\n<meta property=\"article:publisher\" content=\"https:\/\/www.facebook.com\/evoderbebio\" \/>\n<meta property=\"article:modified_time\" content=\"2025-06-24T14:41:22+00:00\" \/>\n<meta property=\"og:image\" content=\"https:\/\/derbe.it\/wp-content\/uploads\/2025\/05\/maschera-derbe-centella-impaccco-cute-sensibilizzata-trattamenti-capelli-sfibrati-derbe.jpg\" \/>\n\t<meta property=\"og:image:width\" content=\"1600\" \/>\n\t<meta property=\"og:image:height\" content=\"2000\" \/>\n\t<meta property=\"og:image:type\" content=\"image\/jpeg\" \/>\n<meta name=\"twitter:card\" content=\"summary_large_image\" \/>\n<meta name=\"twitter:label1\" content=\"Dur\u00e9e de lecture estim\u00e9e\" \/>\n\t<meta name=\"twitter:data1\" content=\"1 minute\" \/>\n<script type=\"application\/ld+json\" class=\"yoast-schema-graph\">{\"@context\":\"https:\/\/schema.org\",\"@graph\":[{\"@type\":\"WebPage\",\"@id\":\"https:\/\/derbe.it\/prodotto\/maschera-centella\/\",\"url\":\"https:\/\/derbe.it\/prodotto\/maschera-centella\/\",\"name\":\"Maschera Centella - Derbe - cosmetici naturali\",\"isPartOf\":{\"@id\":\"https:\/\/derbe.it\/#website\"},\"primaryImageOfPage\":{\"@id\":\"https:\/\/derbe.it\/prodotto\/maschera-centella\/#primaryimage\"},\"image\":{\"@id\":\"https:\/\/derbe.it\/prodotto\/maschera-centella\/#primaryimage\"},\"thumbnailUrl\":\"https:\/\/derbe.it\/wp-content\/uploads\/2025\/05\/maschera-derbe-centella-impaccco-cute-sensibilizzata-trattamenti-capelli-sfibrati-derbe.jpg\",\"datePublished\":\"2018-09-26T08:11:58+00:00\",\"dateModified\":\"2025-06-24T14:41:22+00:00\",\"description\":\"Maschera per capelli sfibrati, aridi, disidratati e cute sensibilizzata . Contiene centella, dalle capacit\u00e0 vulnerarie per attenuare le offese subite dalla cute da trattamenti troppo aggressivi, polline, pappa reale, olii essenziali. Dona lucentezza, splendore, volume ai capelli fini, cadenti e privi di vitalit\u00e0 e aiuta a mantenere nutrito e idratato il cuoio capelluto.\",\"breadcrumb\":{\"@id\":\"https:\/\/derbe.it\/prodotto\/maschera-centella\/#breadcrumb\"},\"inLanguage\":\"fr-FR\",\"potentialAction\":[{\"@type\":\"ReadAction\",\"target\":[\"https:\/\/derbe.it\/prodotto\/maschera-centella\/\"]}]},{\"@type\":\"ImageObject\",\"inLanguage\":\"fr-FR\",\"@id\":\"https:\/\/derbe.it\/prodotto\/maschera-centella\/#primaryimage\",\"url\":\"https:\/\/derbe.it\/wp-content\/uploads\/2025\/05\/maschera-derbe-centella-impaccco-cute-sensibilizzata-trattamenti-capelli-sfibrati-derbe.jpg\",\"contentUrl\":\"https:\/\/derbe.it\/wp-content\/uploads\/2025\/05\/maschera-derbe-centella-impaccco-cute-sensibilizzata-trattamenti-capelli-sfibrati-derbe.jpg\",\"width\":1600,\"height\":2000,\"caption\":\"Maschera Balsamo Derbe alla centella per capelli sfibrati\"},{\"@type\":\"BreadcrumbList\",\"@id\":\"https:\/\/derbe.it\/prodotto\/maschera-centella\/#breadcrumb\",\"itemListElement\":[{\"@type\":\"ListItem\",\"position\":1,\"name\":\"Home\",\"item\":\"https:\/\/derbe.it\/\"},{\"@type\":\"ListItem\",\"position\":2,\"name\":\"Shop\",\"item\":\"https:\/\/derbe.it\/en\/shop\/\"},{\"@type\":\"ListItem\",\"position\":3,\"name\":\"Maschere e balsami\",\"item\":\"https:\/\/derbe.it\/categoria-prodotto\/maschere-e-balsami\/\"},{\"@type\":\"ListItem\",\"position\":4,\"name\":\"Maschera Centella\"}]},{\"@type\":\"WebSite\",\"@id\":\"https:\/\/derbe.it\/#website\",\"url\":\"https:\/\/derbe.it\/\",\"name\":\"Derbe\",\"description\":\"Da oltre 50 anni - Made in italy - prodotti per capelli e corpo con estratti vegetali e formule sostenibili\",\"publisher\":{\"@id\":\"https:\/\/derbe.it\/#organization\"},\"potentialAction\":[{\"@type\":\"SearchAction\",\"target\":{\"@type\":\"EntryPoint\",\"urlTemplate\":\"https:\/\/derbe.it\/?s={search_term_string}\"},\"query-input\":{\"@type\":\"PropertyValueSpecification\",\"valueRequired\":true,\"valueName\":\"search_term_string\"}}],\"inLanguage\":\"fr-FR\"},{\"@type\":\"Organization\",\"@id\":\"https:\/\/derbe.it\/#organization\",\"name\":\"Derbe\",\"url\":\"https:\/\/derbe.it\/\",\"logo\":{\"@type\":\"ImageObject\",\"inLanguage\":\"fr-FR\",\"@id\":\"https:\/\/derbe.it\/#\/schema\/logo\/image\/\",\"url\":\"https:\/\/derbe.it\/wp-content\/uploads\/2025\/06\/logo_derbe_firenze.png\",\"contentUrl\":\"https:\/\/derbe.it\/wp-content\/uploads\/2025\/06\/logo_derbe_firenze.png\",\"width\":1200,\"height\":497,\"caption\":\"Derbe\"},\"image\":{\"@id\":\"https:\/\/derbe.it\/#\/schema\/logo\/image\/\"},\"sameAs\":[\"https:\/\/www.facebook.com\/evoderbebio\",\"https:\/\/www.instagram.com\/derbe.official\/\"],\"email\":\"info@derbe.it\",\"telephone\":\"+39 055 42 11 799\",\"legalName\":\"Derbe S.r.l. a socio unico\",\"vatID\":\"07272610481\"}]}<\/script>\n<!-- \/ Yoast SEO Premium plugin. -->","yoast_head_json":{"title":"Masque Centella - Derbe - Cosm\u00e9tiques naturels","description":"Un masque pour cheveux ab\u00eem\u00e9s, secs et d\u00e9shydrat\u00e9s, ainsi que pour cuir chevelu sensible. Contient de la centella, aux propri\u00e9t\u00e9s cicatrisantes, pour att\u00e9nuer les dommages caus\u00e9s par les traitements trop agressifs, du pollen, de la gel\u00e9e royale et des huiles essentielles. Il apporte brillance, \u00e9clat et volume aux cheveux fins, tombants et sans vie, et contribue \u00e0 nourrir et hydrater le cuir chevelu.","robots":{"index":"index","follow":"follow","max-snippet":"max-snippet:-1","max-image-preview":"max-image-preview:large","max-video-preview":"max-video-preview:-1"},"canonical":"https:\/\/derbe.it\/fr\/produit\/masque-a-la-centella\/","og_locale":"fr_FR","og_type":"article","og_title":"Maschera Centella","og_description":"Maschera per capelli sfibrati, aridi, disidratati e cute sensibilizzata . Contiene centella, dalle capacit\u00e0 vulnerarie per attenuare le offese subite dalla cute da trattamenti troppo aggressivi, polline, pappa reale, olii essenziali. Dona lucentezza, splendore, volume ai capelli fini, cadenti e privi di vitalit\u00e0 e aiuta a mantenere nutrito e idratato il cuoio capelluto.","og_url":"https:\/\/derbe.it\/fr\/produit\/masque-a-la-centella\/","og_site_name":"Derbe - cosmetici naturali","article_publisher":"https:\/\/www.facebook.com\/evoderbebio","article_modified_time":"2025-06-24T14:41:22+00:00","og_image":[{"width":1600,"height":2000,"url":"https:\/\/derbe.it\/wp-content\/uploads\/2025\/05\/maschera-derbe-centella-impaccco-cute-sensibilizzata-trattamenti-capelli-sfibrati-derbe.jpg","type":"image\/jpeg"}],"twitter_card":"summary_large_image","twitter_misc":{"Dur\u00e9e de lecture estim\u00e9e":"1 minute"},"schema":{"@context":"https:\/\/schema.org","@graph":[{"@type":"WebPage","@id":"https:\/\/derbe.it\/prodotto\/maschera-centella\/","url":"https:\/\/derbe.it\/prodotto\/maschera-centella\/","name":"Masque Centella - Derbe - Cosm\u00e9tiques naturels","isPartOf":{"@id":"https:\/\/derbe.it\/#website"},"primaryImageOfPage":{"@id":"https:\/\/derbe.it\/prodotto\/maschera-centella\/#primaryimage"},"image":{"@id":"https:\/\/derbe.it\/prodotto\/maschera-centella\/#primaryimage"},"thumbnailUrl":"https:\/\/derbe.it\/wp-content\/uploads\/2025\/05\/maschera-derbe-centella-impaccco-cute-sensibilizzata-trattamenti-capelli-sfibrati-derbe.jpg","datePublished":"2018-09-26T08:11:58+00:00","dateModified":"2025-06-24T14:41:22+00:00","description":"Un masque pour cheveux ab\u00eem\u00e9s, secs et d\u00e9shydrat\u00e9s, ainsi que pour cuir chevelu sensible. Contient de la centella, aux propri\u00e9t\u00e9s cicatrisantes, pour att\u00e9nuer les dommages caus\u00e9s par les traitements trop agressifs, du pollen, de la gel\u00e9e royale et des huiles essentielles. Il apporte brillance, \u00e9clat et volume aux cheveux fins, tombants et sans vie, et contribue \u00e0 nourrir et hydrater le cuir chevelu.","breadcrumb":{"@id":"https:\/\/derbe.it\/prodotto\/maschera-centella\/#breadcrumb"},"inLanguage":"fr-FR","potentialAction":[{"@type":"ReadAction","target":["https:\/\/derbe.it\/prodotto\/maschera-centella\/"]}]},{"@type":"ImageObject","inLanguage":"fr-FR","@id":"https:\/\/derbe.it\/prodotto\/maschera-centella\/#primaryimage","url":"https:\/\/derbe.it\/wp-content\/uploads\/2025\/05\/maschera-derbe-centella-impaccco-cute-sensibilizzata-trattamenti-capelli-sfibrati-derbe.jpg","contentUrl":"https:\/\/derbe.it\/wp-content\/uploads\/2025\/05\/maschera-derbe-centella-impaccco-cute-sensibilizzata-trattamenti-capelli-sfibrati-derbe.jpg","width":1600,"height":2000,"caption":"Maschera Balsamo Derbe alla centella per capelli sfibrati"},{"@type":"BreadcrumbList","@id":"https:\/\/derbe.it\/prodotto\/maschera-centella\/#breadcrumb","itemListElement":[{"@type":"ListItem","position":1,"name":"Home","item":"https:\/\/derbe.it\/"},{"@type":"ListItem","position":2,"name":"Shop","item":"https:\/\/derbe.it\/en\/shop\/"},{"@type":"ListItem","position":3,"name":"Maschere e balsami","item":"https:\/\/derbe.it\/categoria-prodotto\/maschere-e-balsami\/"},{"@type":"ListItem","position":4,"name":"Maschera Centella"}]},{"@type":"WebSite","@id":"https:\/\/derbe.it\/#website","url":"https:\/\/derbe.it\/","name":"Derb\u00e9","description":"Depuis plus de 50 ans - Fabriqu\u00e9 en Italie - des produits pour les cheveux et le corps \u00e0 base d&#039;extraits de plantes et de formules durables","publisher":{"@id":"https:\/\/derbe.it\/#organization"},"potentialAction":[{"@type":"SearchAction","target":{"@type":"EntryPoint","urlTemplate":"https:\/\/derbe.it\/?s={search_term_string}"},"query-input":{"@type":"PropertyValueSpecification","valueRequired":true,"valueName":"search_term_string"}}],"inLanguage":"fr-FR"},{"@type":"Organization","@id":"https:\/\/derbe.it\/#organization","name":"Derb\u00e9","url":"https:\/\/derbe.it\/","logo":{"@type":"ImageObject","inLanguage":"fr-FR","@id":"https:\/\/derbe.it\/#\/schema\/logo\/image\/","url":"https:\/\/derbe.it\/wp-content\/uploads\/2025\/06\/logo_derbe_firenze.png","contentUrl":"https:\/\/derbe.it\/wp-content\/uploads\/2025\/06\/logo_derbe_firenze.png","width":1200,"height":497,"caption":"Derbe"},"image":{"@id":"https:\/\/derbe.it\/#\/schema\/logo\/image\/"},"sameAs":["https:\/\/www.facebook.com\/evoderbebio","https:\/\/www.instagram.com\/derbe.official\/"],"email":"info@derbe.it","telephone":"+39 055 42 11 799","legalName":"Derbe S.r.l. a socio unico","vatID":"07272610481"}]}},"_links":{"self":[{"href":"https:\/\/derbe.it\/fr\/wp-json\/wp\/v2\/product\/284","targetHints":{"allow":["GET"]}}],"collection":[{"href":"https:\/\/derbe.it\/fr\/wp-json\/wp\/v2\/product"}],"about":[{"href":"https:\/\/derbe.it\/fr\/wp-json\/wp\/v2\/types\/product"}],"wp:featuredmedia":[{"embeddable":true,"href":"https:\/\/derbe.it\/fr\/wp-json\/wp\/v2\/media\/285"}],"wp:attachment":[{"href":"https:\/\/derbe.it\/fr\/wp-json\/wp\/v2\/media?parent=284"}],"wp:term":[{"taxonomy":"caratteristica","embeddable":true,"href":"https:\/\/derbe.it\/fr\/wp-json\/wp\/v2\/caratteristica?post=284"},{"taxonomy":"collezione","embeddable":true,"href":"https:\/\/derbe.it\/fr\/wp-json\/wp\/v2\/collezione?post=284"},{"taxonomy":"formato","embeddable":true,"href":"https:\/\/derbe.it\/fr\/wp-json\/wp\/v2\/formato?post=284"},{"taxonomy":"funzione","embeddable":true,"href":"https:\/\/derbe.it\/fr\/wp-json\/wp\/v2\/funzione?post=284"},{"taxonomy":"utilizzo","embeddable":true,"href":"https:\/\/derbe.it\/fr\/wp-json\/wp\/v2\/utilizzo?post=284"},{"taxonomy":"ingrediente-principale","embeddable":true,"href":"https:\/\/derbe.it\/fr\/wp-json\/wp\/v2\/ingrediente-principale?post=284"},{"taxonomy":"product_brand","embeddable":true,"href":"https:\/\/derbe.it\/fr\/wp-json\/wp\/v2\/product_brand?post=284"},{"taxonomy":"product_cat","embeddable":true,"href":"https:\/\/derbe.it\/fr\/wp-json\/wp\/v2\/product_cat?post=284"},{"taxonomy":"product_tag","embeddable":true,"href":"https:\/\/derbe.it\/fr\/wp-json\/wp\/v2\/product_tag?post=284"}],"curies":[{"name":"wp","href":"https:\/\/api.w.org\/{rel}","templated":true}]}}