{"id":305,"date":"2018-09-26T10:10:31","date_gmt":"2018-09-26T08:10:31","guid":{"rendered":"https:\/\/derbe.it\/prodotto\/spray-anticaduta-intensivo\/"},"modified":"2026-05-06T13:36:02","modified_gmt":"2026-05-06T11:36:02","slug":"spray-anti-chute-intensif","status":"publish","type":"product","link":"https:\/\/derbe.it\/fr\/produit\/spray-anti-chute-intensif\/","title":{"rendered":"Spray Anti-Chute Intensif"},"content":{"rendered":"<p>Le spray antichute Derbe contient un complexe d&#039;actifs v\u00e9g\u00e9taux aux propri\u00e9t\u00e9s antioxydantes qui contribuent au maintien du cycle de vie du cheveu. Il contient \u00e9galement des cellules m\u00e9rismatiques pluripotentes issues du raisin, qui stimulent la microcirculation et exercent une importante fonction antioxydante pour la sant\u00e9 des cheveux.<br \/>\nIl favorise la stimulation et l\u2019apport de substances fonctionnelles au follicule pileux.<br \/>\nIl aide \u00e0 r\u00e9tablir la microcirculation et \u00e0 r\u00e9habiliter le cuir chevelu pendant le massage.<br \/>\nRenforce les d\u00e9fenses de la peau gr\u00e2ce au m\u00e9lange complexe d&#039;extraits de plantes et de cellules v\u00e9g\u00e9tales m\u00e9rismatiques de raisin.<br \/>\nContient de la vitamine E antioxydante et de la vitamine B3 aux propri\u00e9t\u00e9s purifiantes.<br \/>\nIl contribue au d\u00e9veloppement d\u2019un environnement sain pour des cheveux sains.<\/p>","protected":false},"excerpt":{"rendered":"<p>Lo spray anticaduta Derbe contiene un complesso di sostanze funzionali di origine vegetale con attivit\u00e0 antiossidanti che contribuisce in modo positivo al mantenimento del ciclo vitale del capello. [&#8230;]<\/p>\n<p><a class=\"btn btn-secondary understrap-read-more-link\" href=\"https:\/\/derbe.it\/fr\/produit\/spray-anti-chute-intensif\/\">Lire la suite\u2026<span class=\"screen-reader-text\"> from Spray Anticaduta Intensivo<\/span><\/a><\/p>\n","protected":false},"featured_media":306,"template":"","meta":{"_acf_changed":false},"caratteristica":[116],"collezione":[],"formato":[],"funzione":[137],"utilizzo":[],"ingrediente-principale":[],"product_brand":[],"product_cat":[104],"product_tag":[],"class_list":["post-305","product","type-product","status-publish","has-post-thumbnail","caratteristica-sviluppato-da-biologi-esperti","funzione-capelli-tendenti-alla-caduta","product_cat-trattamento-anticaduta","first","instock","purchasable","product-type-simple"],"acf":{"sottotitolo":"Anti radicali liberi, anti-glicazione","formato":"125 ml","cosa_contiene":"<ul>\n \t<li>Con <strong>cellule meristematiche di Uva<\/strong><\/li>\n \t<li>Con sostanze funzionali: <strong>estratto di rucola, estratto idro\u00adlizzato di noce, estratto di china, arancio amaro, ginepro, amamelide, rosa canina, rosmarino, salvia. ortica, achillea, capelvenere, peperoncino, santoreggia, pterocarpus marsupium<\/strong><\/li>\n \t<li>Con olio essenziale di <strong>Eucaliptus<\/strong><\/li>\n \t<li>Con olio essenziale di <strong>Lavanda<\/strong><\/li>\n \t<li>Con <strong>Vitamina E<\/strong><\/li>\n<\/ul>","indicazione_di_utilizzo":"Lavare<span class=\"Apple-converted-space\">\u00a0<\/span>i<span class=\"Apple-converted-space\">\u00a0<\/span>capelli<span class=\"Apple-converted-space\">\u00a0<\/span>come<span class=\"Apple-converted-space\">\u00a0<\/span>di<span class=\"Apple-converted-space\">\u00a0<\/span>consueto<span class=\"Apple-converted-space\">\u00a0<\/span>e<span class=\"Apple-converted-space\">\u00a0<\/span>applicare<span class=\"Apple-converted-space\">\u00a0<\/span>la<span class=\"Apple-converted-space\">\u00a0<\/span>soluzione<span class=\"Apple-converted-space\">\u00a0<\/span>in<span class=\"Apple-converted-space\">\u00a0<\/span>modo<span class=\"Apple-converted-space\">\u00a0<\/span>uniforme<span class=\"Apple-converted-space\">\u00a0<\/span>sul<span class=\"Apple-converted-space\">\u00a0<\/span>cuoio<span class=\"Apple-converted-space\">\u00a0<\/span>capelluto<span class=\"Apple-converted-space\">\u00a0<\/span>bagnato<span class=\"Apple-converted-space\">\u00a0<\/span>e<span class=\"Apple-converted-space\">\u00a0<\/span>tamponato<span class=\"Apple-converted-space\">\u00a0<\/span>con<span class=\"Apple-converted-space\">\u00a0<\/span>un<span class=\"Apple-converted-space\">\u00a0<\/span>asciugamano.\n<span class=\"Apple-converted-space\">M<\/span>assaggiare<span class=\"Apple-converted-space\">\u00a0<\/span>con<span class=\"Apple-converted-space\">\u00a0<\/span>cura<span class=\"Apple-converted-space\">\u00a0<\/span>per<span class=\"Apple-converted-space\">\u00a0<\/span>far<span class=\"Apple-converted-space\">\u00a0<\/span>penetrare<span class=\"Apple-converted-space\">\u00a0<\/span>le<span class=\"Apple-converted-space\">\u00a0<\/span>sostanze<span class=\"Apple-converted-space\">\u00a0<\/span>funzionali<span class=\"Apple-converted-space\">\u00a0<\/span>in<span class=\"Apple-converted-space\">\u00a0<\/span>profondit\u00e0.\nNon risciacquare, procedere all'asciugatura o alla messa<span class=\"Apple-converted-space\">\u00a0 <\/span>in piega.","composizione":"ALCOHOL DENAT., AQUA [WATER], GLYCERIN, PANTHENOL, MENTHOL, SORBITOL, EUCALYPTUS GLOBULUS LEAF OIL, CAPRYLYL\/CAPRYL GLUCOSIDE, HYDROLYZED ERUCA SATIVA LEAF, HYDROLYZED WALNUT EXTRACT, CINCHONA SUCCIRUBRA BARK EXTRACT, CITRUS AURANTIUM AMARA (BITTER ORANGE) PEEL EXTRACT, HAMAMELIS VIRGINIANA (WITCH HAZEL) LEAF EXTRACT, JUNIPERUS COMMUNIS (JUNIPER) FRUIT EXTRACT, ROSA CANINA FRUIT EXTRACT, ROSMARINUS OFFICINAUS (ROSEMARY) LEAF EXTRACT, SALVIA OFFICINAUS (SAGE) LEAF EXTRACT, URTICA DIOICA (NETTLE) LEAF EXTRACT, ACHILLEA MILLEFOLIUM EXTRACT, ADIANTUM CAPILLUS VENERIS LEAF EXTRACT, ALCOHOL, CAPSICUM ANNUUM FRUIT EXTRACT, SATUREJA HORTENSIS EXTRACT, TOCOPHERYL ACETATE, LAVANDULA ANGUSTIFOLIA (LAVENDER) OIL, ASCORBIC ACID, NIACINAMIDE, LINALOOL, SODIUM COCOYL GLUTAMATE, GLYCERYL CAPRYLATE, VITIS VINIFERA MERISTEM FRUIT CELL CULTURE, PTEROCARPUS MARSUPIUM BARK EXTRACT, CITRIC ACID, UMONENE, POLYGLYCERYL- &lt;5 OLEATE, DISODIUM SUCCINATE, SODIUM SURFACTIN, GLUTAMIC ACID, SODIUM BENZOATE, POTASSIUM SORBATE, ZINGIBER OFFICINALE [GINGER] ROOT EXTRACT.","aggiunte":"Senza coloranti","img_sfondo":""},"yoast_head":"<!-- This site is optimized with the Yoast SEO Premium plugin v26.1 (Yoast SEO v27.7) - https:\/\/yoast.com\/product\/yoast-seo-premium-wordpress\/ -->\n<title>Spray Anticaduta Intensivo - Derbe - cosmetici naturali<\/title>\n<meta name=\"description\" content=\"Lo spray anticaduta Derbe contiene un complesso di sostanze funzionali di origine vegetale con attivit\u00e0 antiossidanti che contribuisce in modo positivo al mantenimento del ciclo vitale del capello.\" \/>\n<meta name=\"robots\" content=\"index, follow, max-snippet:-1, max-image-preview:large, max-video-preview:-1\" \/>\n<link rel=\"canonical\" href=\"https:\/\/derbe.it\/fr\/produit\/spray-anti-chute-intensif\/\" \/>\n<meta property=\"og:locale\" content=\"fr_FR\" \/>\n<meta property=\"og:type\" content=\"article\" \/>\n<meta property=\"og:title\" content=\"Spray Anticaduta Intensivo\" \/>\n<meta property=\"og:description\" content=\"Lo spray anticaduta Derbe contiene un complesso di sostanze funzionali di origine vegetale con attivit\u00e0 antiossidanti che contribuisce in modo positivo al mantenimento del ciclo vitale del capello.\" \/>\n<meta property=\"og:url\" content=\"https:\/\/derbe.it\/fr\/produit\/spray-anti-chute-intensif\/\" \/>\n<meta property=\"og:site_name\" content=\"Derbe - cosmetici naturali\" \/>\n<meta property=\"article:publisher\" content=\"https:\/\/www.facebook.com\/evoderbebio\" \/>\n<meta property=\"article:modified_time\" content=\"2026-05-06T11:36:02+00:00\" \/>\n<meta property=\"og:image\" content=\"https:\/\/derbe.it\/wp-content\/uploads\/2025\/05\/h-vitalis-anticaduta-intensivo-spray-anti-radicali-liberi-anti-glicazione-cellule-meristematiche-uva-derbe.jpg\" \/>\n\t<meta property=\"og:image:width\" content=\"1600\" \/>\n\t<meta property=\"og:image:height\" content=\"2000\" \/>\n\t<meta property=\"og:image:type\" content=\"image\/jpeg\" \/>\n<meta name=\"twitter:card\" content=\"summary_large_image\" \/>\n<meta name=\"twitter:label1\" content=\"Dur\u00e9e de lecture estim\u00e9e\" \/>\n\t<meta name=\"twitter:data1\" content=\"1 minute\" \/>\n<script type=\"application\/ld+json\" class=\"yoast-schema-graph\">{\"@context\":\"https:\\\/\\\/schema.org\",\"@graph\":[{\"@type\":\"WebPage\",\"@id\":\"https:\\\/\\\/derbe.it\\\/prodotto\\\/spray-anticaduta-intensivo\\\/\",\"url\":\"https:\\\/\\\/derbe.it\\\/prodotto\\\/spray-anticaduta-intensivo\\\/\",\"name\":\"Spray Anticaduta Intensivo - Derbe - cosmetici naturali\",\"isPartOf\":{\"@id\":\"https:\\\/\\\/derbe.it\\\/#website\"},\"primaryImageOfPage\":{\"@id\":\"https:\\\/\\\/derbe.it\\\/prodotto\\\/spray-anticaduta-intensivo\\\/#primaryimage\"},\"image\":{\"@id\":\"https:\\\/\\\/derbe.it\\\/prodotto\\\/spray-anticaduta-intensivo\\\/#primaryimage\"},\"thumbnailUrl\":\"https:\\\/\\\/derbe.it\\\/wp-content\\\/uploads\\\/2025\\\/05\\\/h-vitalis-anticaduta-intensivo-spray-anti-radicali-liberi-anti-glicazione-cellule-meristematiche-uva-derbe.jpg\",\"datePublished\":\"2018-09-26T08:10:31+00:00\",\"dateModified\":\"2026-05-06T11:36:02+00:00\",\"description\":\"Lo spray anticaduta Derbe contiene un complesso di sostanze funzionali di origine vegetale con attivit\u00e0 antiossidanti che contribuisce in modo positivo al mantenimento del ciclo vitale del capello.\",\"breadcrumb\":{\"@id\":\"https:\\\/\\\/derbe.it\\\/prodotto\\\/spray-anticaduta-intensivo\\\/#breadcrumb\"},\"inLanguage\":\"fr-FR\",\"potentialAction\":[{\"@type\":\"ReadAction\",\"target\":[\"https:\\\/\\\/derbe.it\\\/prodotto\\\/spray-anticaduta-intensivo\\\/\"]}]},{\"@type\":\"ImageObject\",\"inLanguage\":\"fr-FR\",\"@id\":\"https:\\\/\\\/derbe.it\\\/prodotto\\\/spray-anticaduta-intensivo\\\/#primaryimage\",\"url\":\"https:\\\/\\\/derbe.it\\\/wp-content\\\/uploads\\\/2025\\\/05\\\/h-vitalis-anticaduta-intensivo-spray-anti-radicali-liberi-anti-glicazione-cellule-meristematiche-uva-derbe.jpg\",\"contentUrl\":\"https:\\\/\\\/derbe.it\\\/wp-content\\\/uploads\\\/2025\\\/05\\\/h-vitalis-anticaduta-intensivo-spray-anti-radicali-liberi-anti-glicazione-cellule-meristematiche-uva-derbe.jpg\",\"width\":1600,\"height\":2000,\"caption\":\"h vitalis anticaduta intensivo spray anti radicali liberi anti glicazione cellule meristematiche uva derbe\"},{\"@type\":\"BreadcrumbList\",\"@id\":\"https:\\\/\\\/derbe.it\\\/prodotto\\\/spray-anticaduta-intensivo\\\/#breadcrumb\",\"itemListElement\":[{\"@type\":\"ListItem\",\"position\":1,\"name\":\"Home\",\"item\":\"https:\\\/\\\/derbe.it\\\/\"},{\"@type\":\"ListItem\",\"position\":2,\"name\":\"Shop\",\"item\":\"https:\\\/\\\/derbe.it\\\/en\\\/shop\\\/\"},{\"@type\":\"ListItem\",\"position\":3,\"name\":\"Trattamento Anticaduta\",\"item\":\"https:\\\/\\\/derbe.it\\\/categoria-prodotto\\\/trattamento-anticaduta\\\/\"},{\"@type\":\"ListItem\",\"position\":4,\"name\":\"Spray Anticaduta Intensivo\"}]},{\"@type\":\"WebSite\",\"@id\":\"https:\\\/\\\/derbe.it\\\/#website\",\"url\":\"https:\\\/\\\/derbe.it\\\/\",\"name\":\"Derbe\",\"description\":\"Da oltre 50 anni - Made in italy - prodotti per capelli e corpo con estratti vegetali e formule sostenibili\",\"publisher\":{\"@id\":\"https:\\\/\\\/derbe.it\\\/#organization\"},\"potentialAction\":[{\"@type\":\"SearchAction\",\"target\":{\"@type\":\"EntryPoint\",\"urlTemplate\":\"https:\\\/\\\/derbe.it\\\/?s={search_term_string}\"},\"query-input\":{\"@type\":\"PropertyValueSpecification\",\"valueRequired\":true,\"valueName\":\"search_term_string\"}}],\"inLanguage\":\"fr-FR\"},{\"@type\":\"Organization\",\"@id\":\"https:\\\/\\\/derbe.it\\\/#organization\",\"name\":\"Derbe\",\"url\":\"https:\\\/\\\/derbe.it\\\/\",\"logo\":{\"@type\":\"ImageObject\",\"inLanguage\":\"fr-FR\",\"@id\":\"https:\\\/\\\/derbe.it\\\/#\\\/schema\\\/logo\\\/image\\\/\",\"url\":\"https:\\\/\\\/derbe.it\\\/wp-content\\\/uploads\\\/2025\\\/06\\\/logo_derbe_firenze.png\",\"contentUrl\":\"https:\\\/\\\/derbe.it\\\/wp-content\\\/uploads\\\/2025\\\/06\\\/logo_derbe_firenze.png\",\"width\":1200,\"height\":497,\"caption\":\"Derbe\"},\"image\":{\"@id\":\"https:\\\/\\\/derbe.it\\\/#\\\/schema\\\/logo\\\/image\\\/\"},\"sameAs\":[\"https:\\\/\\\/www.facebook.com\\\/evoderbebio\",\"https:\\\/\\\/www.instagram.com\\\/derbe.official\\\/\"],\"email\":\"info@derbe.it\",\"telephone\":\"+39 055 42 11 799\",\"legalName\":\"Derbe S.r.l. a socio unico\",\"vatID\":\"07272610481\"}]}<\/script>\n<!-- \/ Yoast SEO Premium plugin. -->","yoast_head_json":{"title":"Spray intensif anti-chute de cheveux - Derbe - cosm\u00e9tiques naturels","description":"Le spray anti-chute Derbe contient un complexe de substances fonctionnelles \u00e0 base de plantes aux propri\u00e9t\u00e9s antioxydantes qui contribuent positivement au maintien du cycle de vie des cheveux.","robots":{"index":"index","follow":"follow","max-snippet":"max-snippet:-1","max-image-preview":"max-image-preview:large","max-video-preview":"max-video-preview:-1"},"canonical":"https:\/\/derbe.it\/fr\/produit\/spray-anti-chute-intensif\/","og_locale":"fr_FR","og_type":"article","og_title":"Spray Anticaduta Intensivo","og_description":"Lo spray anticaduta Derbe contiene un complesso di sostanze funzionali di origine vegetale con attivit\u00e0 antiossidanti che contribuisce in modo positivo al mantenimento del ciclo vitale del capello.","og_url":"https:\/\/derbe.it\/fr\/produit\/spray-anti-chute-intensif\/","og_site_name":"Derbe - cosmetici naturali","article_publisher":"https:\/\/www.facebook.com\/evoderbebio","article_modified_time":"2026-05-06T11:36:02+00:00","og_image":[{"width":1600,"height":2000,"url":"https:\/\/derbe.it\/wp-content\/uploads\/2025\/05\/h-vitalis-anticaduta-intensivo-spray-anti-radicali-liberi-anti-glicazione-cellule-meristematiche-uva-derbe.jpg","type":"image\/jpeg"}],"twitter_card":"summary_large_image","twitter_misc":{"Dur\u00e9e de lecture estim\u00e9e":"1 minute"},"schema":{"@context":"https:\/\/schema.org","@graph":[{"@type":"WebPage","@id":"https:\/\/derbe.it\/prodotto\/spray-anticaduta-intensivo\/","url":"https:\/\/derbe.it\/prodotto\/spray-anticaduta-intensivo\/","name":"Spray intensif anti-chute de cheveux - Derbe - cosm\u00e9tiques naturels","isPartOf":{"@id":"https:\/\/derbe.it\/#website"},"primaryImageOfPage":{"@id":"https:\/\/derbe.it\/prodotto\/spray-anticaduta-intensivo\/#primaryimage"},"image":{"@id":"https:\/\/derbe.it\/prodotto\/spray-anticaduta-intensivo\/#primaryimage"},"thumbnailUrl":"https:\/\/derbe.it\/wp-content\/uploads\/2025\/05\/h-vitalis-anticaduta-intensivo-spray-anti-radicali-liberi-anti-glicazione-cellule-meristematiche-uva-derbe.jpg","datePublished":"2018-09-26T08:10:31+00:00","dateModified":"2026-05-06T11:36:02+00:00","description":"Le spray anti-chute Derbe contient un complexe de substances fonctionnelles \u00e0 base de plantes aux propri\u00e9t\u00e9s antioxydantes qui contribuent positivement au maintien du cycle de vie des cheveux.","breadcrumb":{"@id":"https:\/\/derbe.it\/prodotto\/spray-anticaduta-intensivo\/#breadcrumb"},"inLanguage":"fr-FR","potentialAction":[{"@type":"ReadAction","target":["https:\/\/derbe.it\/prodotto\/spray-anticaduta-intensivo\/"]}]},{"@type":"ImageObject","inLanguage":"fr-FR","@id":"https:\/\/derbe.it\/prodotto\/spray-anticaduta-intensivo\/#primaryimage","url":"https:\/\/derbe.it\/wp-content\/uploads\/2025\/05\/h-vitalis-anticaduta-intensivo-spray-anti-radicali-liberi-anti-glicazione-cellule-meristematiche-uva-derbe.jpg","contentUrl":"https:\/\/derbe.it\/wp-content\/uploads\/2025\/05\/h-vitalis-anticaduta-intensivo-spray-anti-radicali-liberi-anti-glicazione-cellule-meristematiche-uva-derbe.jpg","width":1600,"height":2000,"caption":"h vitalis anticaduta intensivo spray anti radicali liberi anti glicazione cellule meristematiche uva derbe"},{"@type":"BreadcrumbList","@id":"https:\/\/derbe.it\/prodotto\/spray-anticaduta-intensivo\/#breadcrumb","itemListElement":[{"@type":"ListItem","position":1,"name":"Home","item":"https:\/\/derbe.it\/"},{"@type":"ListItem","position":2,"name":"Shop","item":"https:\/\/derbe.it\/en\/shop\/"},{"@type":"ListItem","position":3,"name":"Trattamento Anticaduta","item":"https:\/\/derbe.it\/categoria-prodotto\/trattamento-anticaduta\/"},{"@type":"ListItem","position":4,"name":"Spray Anticaduta Intensivo"}]},{"@type":"WebSite","@id":"https:\/\/derbe.it\/#website","url":"https:\/\/derbe.it\/","name":"Derb\u00e9","description":"Depuis plus de 50 ans - Fabriqu\u00e9 en Italie - des produits pour les cheveux et le corps \u00e0 base d&#039;extraits de plantes et de formules durables","publisher":{"@id":"https:\/\/derbe.it\/#organization"},"potentialAction":[{"@type":"SearchAction","target":{"@type":"EntryPoint","urlTemplate":"https:\/\/derbe.it\/?s={search_term_string}"},"query-input":{"@type":"PropertyValueSpecification","valueRequired":true,"valueName":"search_term_string"}}],"inLanguage":"fr-FR"},{"@type":"Organization","@id":"https:\/\/derbe.it\/#organization","name":"Derb\u00e9","url":"https:\/\/derbe.it\/","logo":{"@type":"ImageObject","inLanguage":"fr-FR","@id":"https:\/\/derbe.it\/#\/schema\/logo\/image\/","url":"https:\/\/derbe.it\/wp-content\/uploads\/2025\/06\/logo_derbe_firenze.png","contentUrl":"https:\/\/derbe.it\/wp-content\/uploads\/2025\/06\/logo_derbe_firenze.png","width":1200,"height":497,"caption":"Derbe"},"image":{"@id":"https:\/\/derbe.it\/#\/schema\/logo\/image\/"},"sameAs":["https:\/\/www.facebook.com\/evoderbebio","https:\/\/www.instagram.com\/derbe.official\/"],"email":"info@derbe.it","telephone":"+39 055 42 11 799","legalName":"Derbe S.r.l. a socio unico","vatID":"07272610481"}]}},"_links":{"self":[{"href":"https:\/\/derbe.it\/fr\/wp-json\/wp\/v2\/product\/305","targetHints":{"allow":["GET"]}}],"collection":[{"href":"https:\/\/derbe.it\/fr\/wp-json\/wp\/v2\/product"}],"about":[{"href":"https:\/\/derbe.it\/fr\/wp-json\/wp\/v2\/types\/product"}],"wp:featuredmedia":[{"embeddable":true,"href":"https:\/\/derbe.it\/fr\/wp-json\/wp\/v2\/media\/306"}],"wp:attachment":[{"href":"https:\/\/derbe.it\/fr\/wp-json\/wp\/v2\/media?parent=305"}],"wp:term":[{"taxonomy":"caratteristica","embeddable":true,"href":"https:\/\/derbe.it\/fr\/wp-json\/wp\/v2\/caratteristica?post=305"},{"taxonomy":"collezione","embeddable":true,"href":"https:\/\/derbe.it\/fr\/wp-json\/wp\/v2\/collezione?post=305"},{"taxonomy":"formato","embeddable":true,"href":"https:\/\/derbe.it\/fr\/wp-json\/wp\/v2\/formato?post=305"},{"taxonomy":"funzione","embeddable":true,"href":"https:\/\/derbe.it\/fr\/wp-json\/wp\/v2\/funzione?post=305"},{"taxonomy":"utilizzo","embeddable":true,"href":"https:\/\/derbe.it\/fr\/wp-json\/wp\/v2\/utilizzo?post=305"},{"taxonomy":"ingrediente-principale","embeddable":true,"href":"https:\/\/derbe.it\/fr\/wp-json\/wp\/v2\/ingrediente-principale?post=305"},{"taxonomy":"product_brand","embeddable":true,"href":"https:\/\/derbe.it\/fr\/wp-json\/wp\/v2\/product_brand?post=305"},{"taxonomy":"product_cat","embeddable":true,"href":"https:\/\/derbe.it\/fr\/wp-json\/wp\/v2\/product_cat?post=305"},{"taxonomy":"product_tag","embeddable":true,"href":"https:\/\/derbe.it\/fr\/wp-json\/wp\/v2\/product_tag?post=305"}],"curies":[{"name":"wp","href":"https:\/\/api.w.org\/{rel}","templated":true}]}}