{"id":384,"date":"2018-09-26T10:10:38","date_gmt":"2018-09-26T08:10:38","guid":{"rendered":"https:\/\/derbe.it\/prodotto\/balsamo-energizzante-e-rinforzante\/"},"modified":"2026-05-06T12:41:46","modified_gmt":"2026-05-06T10:41:46","slug":"baume-energisant-et-fortifiant","status":"publish","type":"product","link":"https:\/\/derbe.it\/fr\/produit\/baume-energisant-et-fortifiant\/","title":{"rendered":"Apr\u00e8s-shampoing \u00e9nergisant et fortifiant"},"content":{"rendered":"<p>De la recherche de Derbe na\u00eet le <strong>baume<\/strong> sp\u00e9cifique \u00e0 donner <strong>\u00e9nergie, \u00e9lasticit\u00e9, vitalit\u00e9 et renforcement du cuir chevelu<\/strong> gr\u00e2ce au complexe v\u00e9g\u00e9tal multi-actif \u201c Bioderbe \u201d et au<strong> substances fonctionnelles d&#039;origine v\u00e9g\u00e9tale<\/strong>.<\/p>\n<p>Le cuir chevelu sera tonifi\u00e9 et les cheveux seront sensiblement renforc\u00e9s, brillants, doux et agr\u00e9ablement parfum\u00e9s.<\/p>","protected":false},"excerpt":{"rendered":"<p>Balsamo specifico per dare <strong>energia<\/strong>, <strong>elasticit\u00e0<\/strong>, <strong>vitalit\u00e0<\/strong> e per <strong>rinforzare il cuoio capelluto<\/strong> grazie al complesso vegetale pluriattivo \u201cBioderbe\u201d e alle sostanze funzionali delle <strong>bacche di Goji<\/strong>. [&#8230;]<\/p>\n<p><a class=\"btn btn-secondary understrap-read-more-link\" href=\"https:\/\/derbe.it\/fr\/produit\/baume-energisant-et-fortifiant\/\">Lire la suite\u2026<span class=\"screen-reader-text\"> from Balsamo Energizzante e Rinforzante<\/span><\/a><\/p>\n","protected":false},"featured_media":385,"template":"","meta":{"_acf_changed":false},"caratteristica":[],"collezione":[],"formato":[],"funzione":[91],"utilizzo":[],"ingrediente-principale":[],"product_brand":[],"product_cat":[101],"product_tag":[],"class_list":["post-384","product","type-product","status-publish","has-post-thumbnail","funzione-capelli-deboli","product_cat-maschere-e-balsami","first","instock","purchasable","product-type-simple"],"acf":{"sottotitolo":"Con bacche di Goji","formato":"150 ml","cosa_contiene":"<ul>\n \t<li><strong>Bacche di Goji<\/strong> ricche di vitamine dalle propriet\u00e0 anti-radicali liberi.<\/li>\n \t<li><strong>Bacche di Rosa Canina<\/strong> con acido ascorbico, potente antiossidante burro di karit\u00e8 altamente idratante aloe protegge il cuoio capelluto e lucida i capelli.<\/li>\n \t<li><strong>Pantenolo<\/strong> dalle spiccate virt\u00f9 lenitive, idratanti ed emollienti Proteine del riso addolcenti, lenitive ed idratanti.<\/li>\n \t<li><strong>China<\/strong> stimolante e tonificante per il cuoio capelluto, dona elasticit\u00e0 ai capelli Arancio amaro ottimo anti-age dalle propriet\u00e0 igienizzanti.<\/li>\n \t<li><strong>Ginepro<\/strong> riattiva la circolazione del cuoio capelluto.<\/li>\n \t<li><strong>Salvia<\/strong> con azione protettiva<\/li>\n \t<li><strong>Ortica<\/strong> dona vitalit\u00e0, lucentezza e sofficit\u00e0 al cuoio capelluto ai capelli.\u00a0Ottimo condizionante per capelli fragili e danneggiati.<\/li>\n \t<li><strong>Rosmarino<\/strong> stimolante per la circolazione del cuoio capelluto.<\/li>\n \t<li><strong>Capsico<\/strong> con funzione antisettica e stimolante il cuoio capelluto risulter\u00e0 tonico e i capelli notevolmente rinforzati lucidi, morbidi e piacevolmente profumati.<\/li>\n<\/ul>","indicazione_di_utilizzo":"Si applica sul cuoio capelluto e sui capelli appena lavati ancora umidi, massaggiando delicatamente e lasciato agire per almeno cinque minuti. Risciacquare abbondantemente con acqua tiepida.","composizione":"QUA [WATER], CETEARYL ALCOHOL, BEHENAMIDOPROPYL DIMETHYLAMINE, BEHENYL ALCOHOL, GLYCERIN, LACTIC ACID, PANTHENOL, ALOE BARBADENSIS LEAF JUICE, BUTYROSPERMUM PARKII (SHEA) BUTTER, CRAMBE ABYSSINICA SEED OIL, PARFUM [FRAGRANCE], DICAPRYLYL ETHER, BENZYL ALCOHOL, HYDROLYZED RICE PROTEIN, PHENOXYETHANOL, XANTHAN GUM, LAURYL ALCOHOL, DECYL GLUCOSIDE, GUAR HYDROXYPROPYLTRIMONIUM CHLORIDE, POTASSIUM SORBATE, GLYCERYL OLEATE, CINCHONA SUCCIRUBRA BARK EXTRACT, CITRUS AURANTIUM AMARA (BITTER ORANGE) PEEL EXTRACT, HAMAMELIS VIRGINIANA (WITCH HAZEL) LEAF EXTRACT, JUNIPERUS COMMUNIS (JUNIPER) FRUIT EXTRACT, ROSA CANINA FRUIT EXTRACT, ROSMARINUS OFFICINALE (ROSEMARY) LEAF EXTRACT, SALVIA OFFICINALIS (SAGE) LEAF EXTRACT, URTICA DIOICA (NETTLE) LEAF EXTRACT, ACHILLEA MILLEFOLIUM EXTRACT, ADIANTUM CAPILLUS VENERIS LEAF EXTRACT, ALCOHOL, CAPSICUM ANNUUM FRUIT EXTRACT, SATUREIA HORTENSIS EXTRACT, SODIUM PHYTATE, HEXYL CINNAMAL, LIMONENE, LINALOOL, LYCIUM BARBARUM FRUIT EXTRACT, TOCOPHEROL.","aggiunte":"NON CONTIENE GLUTINE\nPRIVO DI SLES E PEG\nPRIVO DI COLORANTI\nNON CONTIENE OLI MINERALI","img_sfondo":1033},"yoast_head":"<!-- This site is optimized with the Yoast SEO Premium plugin v26.1 (Yoast SEO v28.4) - https:\/\/yoast.com\/product\/yoast-seo-premium-wordpress\/ -->\n<title>Balsamo Energizzante e Rinforzante - Derbe - cosmetici naturali<\/title>\n<meta name=\"description\" content=\"Balsamo specifico per dare energia, elasticit\u00e0, vitalit\u00e0 e per rinforzare il cuoio capelluto grazie al complesso vegetale pluriattivo \u201cBioderbe\u201d e alle sostanze funzionali delle bacche di Goji.\" \/>\n<meta name=\"robots\" content=\"index, follow, max-snippet:-1, max-image-preview:large, max-video-preview:-1\" \/>\n<link rel=\"canonical\" href=\"https:\/\/derbe.it\/fr\/produit\/baume-energisant-et-fortifiant\/\" \/>\n<meta property=\"og:locale\" content=\"fr_FR\" \/>\n<meta property=\"og:type\" content=\"article\" \/>\n<meta property=\"og:title\" content=\"Balsamo Energizzante e Rinforzante\" \/>\n<meta property=\"og:description\" content=\"Balsamo specifico per dare energia, elasticit\u00e0, vitalit\u00e0 e per rinforzare il cuoio capelluto grazie al complesso vegetale pluriattivo \u201cBioderbe\u201d e alle sostanze funzionali delle bacche di Goji.\" \/>\n<meta property=\"og:url\" content=\"https:\/\/derbe.it\/fr\/produit\/baume-energisant-et-fortifiant\/\" \/>\n<meta property=\"og:site_name\" content=\"Derbe - cosmetici naturali\" \/>\n<meta property=\"article:publisher\" content=\"https:\/\/www.facebook.com\/evoderbebio\" \/>\n<meta property=\"article:modified_time\" content=\"2026-05-06T10:41:46+00:00\" \/>\n<meta property=\"og:image\" content=\"https:\/\/derbe.it\/wp-content\/uploads\/2025\/05\/balsamo-goji-derbe.jpg\" \/>\n\t<meta property=\"og:image:width\" content=\"1600\" \/>\n\t<meta property=\"og:image:height\" content=\"2000\" \/>\n\t<meta property=\"og:image:type\" content=\"image\/jpeg\" \/>\n<meta name=\"twitter:card\" content=\"summary_large_image\" \/>\n<script type=\"application\/ld+json\" class=\"yoast-schema-graph\">{\"@context\":\"https:\\\/\\\/schema.org\",\"@graph\":[{\"@type\":\"WebPage\",\"@id\":\"https:\\\/\\\/derbe.it\\\/prodotto\\\/balsamo-energizzante-e-rinforzante\\\/\",\"url\":\"https:\\\/\\\/derbe.it\\\/prodotto\\\/balsamo-energizzante-e-rinforzante\\\/\",\"name\":\"Balsamo Energizzante e Rinforzante - Derbe - cosmetici naturali\",\"isPartOf\":{\"@id\":\"https:\\\/\\\/derbe.it\\\/#website\"},\"primaryImageOfPage\":{\"@id\":\"https:\\\/\\\/derbe.it\\\/prodotto\\\/balsamo-energizzante-e-rinforzante\\\/#primaryimage\"},\"image\":{\"@id\":\"https:\\\/\\\/derbe.it\\\/prodotto\\\/balsamo-energizzante-e-rinforzante\\\/#primaryimage\"},\"thumbnailUrl\":\"https:\\\/\\\/derbe.it\\\/wp-content\\\/uploads\\\/2025\\\/05\\\/balsamo-goji-derbe.jpg\",\"datePublished\":\"2018-09-26T08:10:38+00:00\",\"dateModified\":\"2026-05-06T10:41:46+00:00\",\"description\":\"Balsamo specifico per dare energia, elasticit\u00e0, vitalit\u00e0 e per rinforzare il cuoio capelluto grazie al complesso vegetale pluriattivo \u201cBioderbe\u201d e alle sostanze funzionali delle bacche di Goji.\",\"breadcrumb\":{\"@id\":\"https:\\\/\\\/derbe.it\\\/prodotto\\\/balsamo-energizzante-e-rinforzante\\\/#breadcrumb\"},\"inLanguage\":\"fr-FR\",\"potentialAction\":[{\"@type\":\"ReadAction\",\"target\":[\"https:\\\/\\\/derbe.it\\\/prodotto\\\/balsamo-energizzante-e-rinforzante\\\/\"]}]},{\"@type\":\"ImageObject\",\"inLanguage\":\"fr-FR\",\"@id\":\"https:\\\/\\\/derbe.it\\\/prodotto\\\/balsamo-energizzante-e-rinforzante\\\/#primaryimage\",\"url\":\"https:\\\/\\\/derbe.it\\\/wp-content\\\/uploads\\\/2025\\\/05\\\/balsamo-goji-derbe.jpg\",\"contentUrl\":\"https:\\\/\\\/derbe.it\\\/wp-content\\\/uploads\\\/2025\\\/05\\\/balsamo-goji-derbe.jpg\",\"width\":1600,\"height\":2000},{\"@type\":\"BreadcrumbList\",\"@id\":\"https:\\\/\\\/derbe.it\\\/prodotto\\\/balsamo-energizzante-e-rinforzante\\\/#breadcrumb\",\"itemListElement\":[{\"@type\":\"ListItem\",\"position\":1,\"name\":\"Home\",\"item\":\"https:\\\/\\\/derbe.it\\\/\"},{\"@type\":\"ListItem\",\"position\":2,\"name\":\"Shop\",\"item\":\"https:\\\/\\\/derbe.it\\\/en\\\/shop\\\/\"},{\"@type\":\"ListItem\",\"position\":3,\"name\":\"Maschere e balsami\",\"item\":\"https:\\\/\\\/derbe.it\\\/categoria-prodotto\\\/maschere-e-balsami\\\/\"},{\"@type\":\"ListItem\",\"position\":4,\"name\":\"Balsamo Energizzante e Rinforzante\"}]},{\"@type\":\"WebSite\",\"@id\":\"https:\\\/\\\/derbe.it\\\/#website\",\"url\":\"https:\\\/\\\/derbe.it\\\/\",\"name\":\"Derbe\",\"description\":\"Da oltre 50 anni - Made in italy - prodotti per capelli e corpo con estratti vegetali e formule sostenibili\",\"publisher\":{\"@id\":\"https:\\\/\\\/derbe.it\\\/#organization\"},\"potentialAction\":[{\"@type\":\"SearchAction\",\"target\":{\"@type\":\"EntryPoint\",\"urlTemplate\":\"https:\\\/\\\/derbe.it\\\/?s={search_term_string}\"},\"query-input\":{\"@type\":\"PropertyValueSpecification\",\"valueRequired\":true,\"valueName\":\"search_term_string\"}}],\"inLanguage\":\"fr-FR\"},{\"@type\":\"Organization\",\"@id\":\"https:\\\/\\\/derbe.it\\\/#organization\",\"name\":\"Derbe\",\"url\":\"https:\\\/\\\/derbe.it\\\/\",\"logo\":{\"@type\":\"ImageObject\",\"inLanguage\":\"fr-FR\",\"@id\":\"https:\\\/\\\/derbe.it\\\/#\\\/schema\\\/logo\\\/image\\\/\",\"url\":\"https:\\\/\\\/derbe.it\\\/wp-content\\\/uploads\\\/2025\\\/06\\\/logo_derbe_firenze.png\",\"contentUrl\":\"https:\\\/\\\/derbe.it\\\/wp-content\\\/uploads\\\/2025\\\/06\\\/logo_derbe_firenze.png\",\"width\":1200,\"height\":497,\"caption\":\"Derbe\"},\"image\":{\"@id\":\"https:\\\/\\\/derbe.it\\\/#\\\/schema\\\/logo\\\/image\\\/\"},\"sameAs\":[\"https:\\\/\\\/www.facebook.com\\\/evoderbebio\",\"https:\\\/\\\/www.instagram.com\\\/derbe.official\\\/\"],\"email\":\"info@derbe.it\",\"telephone\":\"+39 055 42 11 799\",\"legalName\":\"Derbe S.r.l. a socio unico\",\"vatID\":\"07272610481\"}]}<\/script>\n<!-- \/ Yoast SEO Premium plugin. -->","yoast_head_json":{"title":"Apr\u00e8s-shampoing \u00e9nergisant et fortifiant - Derbe - cosm\u00e9tiques naturels","description":"Apr\u00e8s-shampoing sp\u00e9cifique pour donner de l\u2019\u00e9nergie, de l\u2019\u00e9lasticit\u00e9, de la vitalit\u00e9 et pour renforcer le cuir chevelu gr\u00e2ce au complexe v\u00e9g\u00e9tal multi-actif \u201c Bioderbe \u201d et aux substances fonctionnelles des baies de Goji.","robots":{"index":"index","follow":"follow","max-snippet":"max-snippet:-1","max-image-preview":"max-image-preview:large","max-video-preview":"max-video-preview:-1"},"canonical":"https:\/\/derbe.it\/fr\/produit\/baume-energisant-et-fortifiant\/","og_locale":"fr_FR","og_type":"article","og_title":"Balsamo Energizzante e Rinforzante","og_description":"Balsamo specifico per dare energia, elasticit\u00e0, vitalit\u00e0 e per rinforzare il cuoio capelluto grazie al complesso vegetale pluriattivo \u201cBioderbe\u201d e alle sostanze funzionali delle bacche di Goji.","og_url":"https:\/\/derbe.it\/fr\/produit\/baume-energisant-et-fortifiant\/","og_site_name":"Derbe - cosmetici naturali","article_publisher":"https:\/\/www.facebook.com\/evoderbebio","article_modified_time":"2026-05-06T10:41:46+00:00","og_image":[{"width":1600,"height":2000,"url":"https:\/\/derbe.it\/wp-content\/uploads\/2025\/05\/balsamo-goji-derbe.jpg","type":"image\/jpeg"}],"twitter_card":"summary_large_image","schema":{"@context":"https:\/\/schema.org","@graph":[{"@type":"WebPage","@id":"https:\/\/derbe.it\/prodotto\/balsamo-energizzante-e-rinforzante\/","url":"https:\/\/derbe.it\/prodotto\/balsamo-energizzante-e-rinforzante\/","name":"Apr\u00e8s-shampoing \u00e9nergisant et fortifiant - Derbe - cosm\u00e9tiques naturels","isPartOf":{"@id":"https:\/\/derbe.it\/#website"},"primaryImageOfPage":{"@id":"https:\/\/derbe.it\/prodotto\/balsamo-energizzante-e-rinforzante\/#primaryimage"},"image":{"@id":"https:\/\/derbe.it\/prodotto\/balsamo-energizzante-e-rinforzante\/#primaryimage"},"thumbnailUrl":"https:\/\/derbe.it\/wp-content\/uploads\/2025\/05\/balsamo-goji-derbe.jpg","datePublished":"2018-09-26T08:10:38+00:00","dateModified":"2026-05-06T10:41:46+00:00","description":"Apr\u00e8s-shampoing sp\u00e9cifique pour donner de l\u2019\u00e9nergie, de l\u2019\u00e9lasticit\u00e9, de la vitalit\u00e9 et pour renforcer le cuir chevelu gr\u00e2ce au complexe v\u00e9g\u00e9tal multi-actif \u201c Bioderbe \u201d et aux substances fonctionnelles des baies de Goji.","breadcrumb":{"@id":"https:\/\/derbe.it\/prodotto\/balsamo-energizzante-e-rinforzante\/#breadcrumb"},"inLanguage":"fr-FR","potentialAction":[{"@type":"ReadAction","target":["https:\/\/derbe.it\/prodotto\/balsamo-energizzante-e-rinforzante\/"]}]},{"@type":"ImageObject","inLanguage":"fr-FR","@id":"https:\/\/derbe.it\/prodotto\/balsamo-energizzante-e-rinforzante\/#primaryimage","url":"https:\/\/derbe.it\/wp-content\/uploads\/2025\/05\/balsamo-goji-derbe.jpg","contentUrl":"https:\/\/derbe.it\/wp-content\/uploads\/2025\/05\/balsamo-goji-derbe.jpg","width":1600,"height":2000},{"@type":"BreadcrumbList","@id":"https:\/\/derbe.it\/prodotto\/balsamo-energizzante-e-rinforzante\/#breadcrumb","itemListElement":[{"@type":"ListItem","position":1,"name":"Home","item":"https:\/\/derbe.it\/"},{"@type":"ListItem","position":2,"name":"Shop","item":"https:\/\/derbe.it\/en\/shop\/"},{"@type":"ListItem","position":3,"name":"Maschere e balsami","item":"https:\/\/derbe.it\/categoria-prodotto\/maschere-e-balsami\/"},{"@type":"ListItem","position":4,"name":"Balsamo Energizzante e Rinforzante"}]},{"@type":"WebSite","@id":"https:\/\/derbe.it\/#website","url":"https:\/\/derbe.it\/","name":"Derb\u00e9","description":"Depuis plus de 50 ans - Fabriqu\u00e9 en Italie - des produits pour les cheveux et le corps \u00e0 base d&#039;extraits de plantes et de formules durables","publisher":{"@id":"https:\/\/derbe.it\/#organization"},"potentialAction":[{"@type":"SearchAction","target":{"@type":"EntryPoint","urlTemplate":"https:\/\/derbe.it\/?s={search_term_string}"},"query-input":{"@type":"PropertyValueSpecification","valueRequired":true,"valueName":"search_term_string"}}],"inLanguage":"fr-FR"},{"@type":"Organization","@id":"https:\/\/derbe.it\/#organization","name":"Derb\u00e9","url":"https:\/\/derbe.it\/","logo":{"@type":"ImageObject","inLanguage":"fr-FR","@id":"https:\/\/derbe.it\/#\/schema\/logo\/image\/","url":"https:\/\/derbe.it\/wp-content\/uploads\/2025\/06\/logo_derbe_firenze.png","contentUrl":"https:\/\/derbe.it\/wp-content\/uploads\/2025\/06\/logo_derbe_firenze.png","width":1200,"height":497,"caption":"Derbe"},"image":{"@id":"https:\/\/derbe.it\/#\/schema\/logo\/image\/"},"sameAs":["https:\/\/www.facebook.com\/evoderbebio","https:\/\/www.instagram.com\/derbe.official\/"],"email":"info@derbe.it","telephone":"+39 055 42 11 799","legalName":"Derbe S.r.l. a socio unico","vatID":"07272610481"}]}},"_links":{"self":[{"href":"https:\/\/derbe.it\/fr\/wp-json\/wp\/v2\/product\/384","targetHints":{"allow":["GET"]}}],"collection":[{"href":"https:\/\/derbe.it\/fr\/wp-json\/wp\/v2\/product"}],"about":[{"href":"https:\/\/derbe.it\/fr\/wp-json\/wp\/v2\/types\/product"}],"wp:featuredmedia":[{"embeddable":true,"href":"https:\/\/derbe.it\/fr\/wp-json\/wp\/v2\/media\/385"}],"wp:attachment":[{"href":"https:\/\/derbe.it\/fr\/wp-json\/wp\/v2\/media?parent=384"}],"wp:term":[{"taxonomy":"caratteristica","embeddable":true,"href":"https:\/\/derbe.it\/fr\/wp-json\/wp\/v2\/caratteristica?post=384"},{"taxonomy":"collezione","embeddable":true,"href":"https:\/\/derbe.it\/fr\/wp-json\/wp\/v2\/collezione?post=384"},{"taxonomy":"formato","embeddable":true,"href":"https:\/\/derbe.it\/fr\/wp-json\/wp\/v2\/formato?post=384"},{"taxonomy":"funzione","embeddable":true,"href":"https:\/\/derbe.it\/fr\/wp-json\/wp\/v2\/funzione?post=384"},{"taxonomy":"utilizzo","embeddable":true,"href":"https:\/\/derbe.it\/fr\/wp-json\/wp\/v2\/utilizzo?post=384"},{"taxonomy":"ingrediente-principale","embeddable":true,"href":"https:\/\/derbe.it\/fr\/wp-json\/wp\/v2\/ingrediente-principale?post=384"},{"taxonomy":"product_brand","embeddable":true,"href":"https:\/\/derbe.it\/fr\/wp-json\/wp\/v2\/product_brand?post=384"},{"taxonomy":"product_cat","embeddable":true,"href":"https:\/\/derbe.it\/fr\/wp-json\/wp\/v2\/product_cat?post=384"},{"taxonomy":"product_tag","embeddable":true,"href":"https:\/\/derbe.it\/fr\/wp-json\/wp\/v2\/product_tag?post=384"}],"curies":[{"name":"wp","href":"https:\/\/api.w.org\/{rel}","templated":true}]}}