{"id":562,"date":"2018-09-26T10:16:42","date_gmt":"2018-09-26T08:16:42","guid":{"rendered":"https:\/\/derbe.it\/prodotto\/bagnoschiuma-papavero-e-fico\/"},"modified":"2025-09-03T17:31:29","modified_gmt":"2025-09-03T15:31:29","slug":"gel-douche-coquelicot-et-figue","status":"publish","type":"product","link":"https:\/\/derbe.it\/fr\/produit\/gel-douche-coquelicot-et-figue\/","title":{"rendered":"Gel douche au pavot et \u00e0 la figue"},"content":{"rendered":"<p>S&#039;appuyant contre les pierres grises et dess\u00e9ch\u00e9es d&#039;un<span class=\"Apple-converted-space\">\u00a0<\/span>une plante avait toujours v\u00e9cu dans un ancien mur<span class=\"Apple-converted-space\">\u00a0<\/span>de figue tordue comme une ancienne spirale de <span class=\"Apple-converted-space\">\u00a0 <\/span>Le film \u00e9tait vieux et personne n&#039;\u00e9tait venu depuis des ann\u00e9es. <span class=\"Apple-converted-space\">\u00a0 <\/span>plus<span class=\"Apple-converted-space\">\u00a0 <\/span>\u00e0<span class=\"Apple-converted-space\">\u00a0 <\/span>appr\u00e9cier<span class=\"Apple-converted-space\">\u00a0 <\/span>le<span class=\"Apple-converted-space\">\u00a0 <\/span>son<span class=\"Apple-converted-space\">\u00a0 <\/span>fruits.<span class=\"Apple-converted-space\">\u00a0 <\/span>\u00c8re<span class=\"Apple-converted-space\">\u00a0 <\/span>triste<span class=\"Apple-converted-space\">\u00a0 <\/span>Et <span class=\"Apple-converted-space\">\u00a0 <\/span>il r\u00e9fl\u00e9chit : \u00ab Sous mes branches les jeunes gens ne <span class=\"Apple-converted-space\">\u00a0 <\/span>ils viennent plus gaiement chanter et cueillir <span class=\"Apple-converted-space\">\u00a0 <\/span>le<span class=\"Apple-converted-space\">\u00a0 <\/span>tr\u00e8s doux<span class=\"Apple-converted-space\">\u00a0 <\/span>figues.<span class=\"Apple-converted-space\">\u00a0 <\/span>Tous<span class=\"Apple-converted-space\">\u00a0 <\/span>Et<span class=\"Apple-converted-space\">\u00a0 <\/span>modifi\u00e9, <span class=\"Apple-converted-space\">\u00a0 <\/span>ils pr\u00e9f\u00e8rent le bonheur \u00e9ph\u00e9m\u00e8re du coquelicot\u201d.<\/p>\n<p>Ce<span class=\"Apple-converted-space\">\u00a0<\/span>excellent<span class=\"Apple-converted-space\">\u00a0<\/span>gel douche<span class=\"Apple-converted-space\">\u00a0<\/span>nettoie<span class=\"Apple-converted-space\">\u00a0<\/span>doucement toute la peau du corps, dans le<span class=\"Apple-converted-space\">\u00a0<\/span>sa modernit\u00e9 et sa s\u00e9curit\u00e9 de formulation, <span class=\"Apple-converted-space\">\u00a0 <\/span>ob\u00e9issant<span class=\"Apple-converted-space\">\u00a0 <\/span>d\u00e9suet<span class=\"Apple-converted-space\">\u00a0 <\/span>tradition<span class=\"Apple-converted-space\">\u00a0 <\/span>\u00c0 base de plantes\u00a0; convient \u00e0 tous les types de peau. \u00c0 l&#039;extrait<span class=\"Apple-converted-space\">\u00a0<\/span>De <strong>Pavot<\/strong> (Papaver rhoeas) et <strong>figue<\/strong> (Ficus carica) de <strong>propri\u00e9t\u00e9s r\u00e9paratrices, \u00e9nergisantes, antioxydantes et anti-stress<\/strong>.<\/p>","protected":false},"excerpt":{"rendered":"<p>La douceur de la figue et la gaiet\u00e9 du coquelicot donnent vie \u00e0 un parfum fruit\u00e9 et ensoleill\u00e9 comme une journ\u00e9e d&#039;\u00e9t\u00e9.<br \/>\nDelicatissimo bagnoschiuma , per una pelle morbida e vellutata. [&#8230;]<\/p>\n<p><a class=\"btn btn-secondary understrap-read-more-link\" href=\"https:\/\/derbe.it\/fr\/produit\/gel-douche-coquelicot-et-figue\/\">En savoir plus\u2026<span class=\"screen-reader-text\"> Gel douche Poppy and Fig<\/span><\/a><\/p>","protected":false},"featured_media":563,"template":"","meta":{"_acf_changed":false},"caratteristica":[],"collezione":[125,75],"formato":[],"funzione":[],"utilizzo":[],"ingrediente-principale":[],"product_brand":[],"product_cat":[22],"product_tag":[],"class_list":{"0":"post-562","1":"product","2":"type-product","3":"status-publish","4":"has-post-thumbnail","6":"collezione-papavero-e-fico","7":"collezione-speziali-fiorentini","8":"product_cat-bagnoschiuma","10":"first","11":"instock","12":"purchasable","13":"product-type-simple"},"acf":[],"yoast_head":"<!-- This site is optimized with the Yoast SEO Premium plugin v26.1 (Yoast SEO v26.8) - https:\/\/yoast.com\/product\/yoast-seo-premium-wordpress\/ -->\n<title>Bagnoschiuma Papavero e Fico - Derbe - cosmetici naturali<\/title>\n<meta name=\"description\" content=\"La dolcezza del fico e l&#039;allegria del papavero danno vita ad un profumo fruttato e solare come una giornata d&#039;estate. Delicatissimo bagnoschiuma , per una pelle morbida e vellutata.\" \/>\n<meta name=\"robots\" content=\"index, follow, max-snippet:-1, max-image-preview:large, max-video-preview:-1\" \/>\n<link rel=\"canonical\" href=\"https:\/\/derbe.it\/fr\/produit\/gel-douche-coquelicot-et-figue\/\" \/>\n<meta property=\"og:locale\" content=\"fr_FR\" \/>\n<meta property=\"og:type\" content=\"article\" \/>\n<meta property=\"og:title\" content=\"Bagnoschiuma Papavero e Fico\" \/>\n<meta property=\"og:description\" content=\"La dolcezza del fico e l&#039;allegria del papavero danno vita ad un profumo fruttato e solare come una giornata d&#039;estate. Delicatissimo bagnoschiuma , per una pelle morbida e vellutata.\" \/>\n<meta property=\"og:url\" content=\"https:\/\/derbe.it\/fr\/produit\/gel-douche-coquelicot-et-figue\/\" \/>\n<meta property=\"og:site_name\" content=\"Derbe - cosmetici naturali\" \/>\n<meta property=\"article:publisher\" content=\"https:\/\/www.facebook.com\/evoderbebio\" \/>\n<meta property=\"article:modified_time\" content=\"2025-09-03T15:31:29+00:00\" \/>\n<meta property=\"og:image\" content=\"https:\/\/derbe.it\/wp-content\/uploads\/2025\/05\/bagnoschiuma-papavero-fico-speziali-fiorentini-derbe.jpg\" \/>\n\t<meta property=\"og:image:width\" content=\"1600\" \/>\n\t<meta property=\"og:image:height\" content=\"2000\" \/>\n\t<meta property=\"og:image:type\" content=\"image\/jpeg\" \/>\n<meta name=\"twitter:card\" content=\"summary_large_image\" \/>\n<meta name=\"twitter:label1\" content=\"Dur\u00e9e de lecture estim\u00e9e\" \/>\n\t<meta name=\"twitter:data1\" content=\"1 minute\" \/>\n<script type=\"application\/ld+json\" class=\"yoast-schema-graph\">{\"@context\":\"https:\/\/schema.org\",\"@graph\":[{\"@type\":\"WebPage\",\"@id\":\"https:\/\/derbe.it\/prodotto\/bagnoschiuma-papavero-e-fico\/\",\"url\":\"https:\/\/derbe.it\/prodotto\/bagnoschiuma-papavero-e-fico\/\",\"name\":\"Bagnoschiuma Papavero e Fico - Derbe - cosmetici naturali\",\"isPartOf\":{\"@id\":\"https:\/\/derbe.it\/#website\"},\"primaryImageOfPage\":{\"@id\":\"https:\/\/derbe.it\/prodotto\/bagnoschiuma-papavero-e-fico\/#primaryimage\"},\"image\":{\"@id\":\"https:\/\/derbe.it\/prodotto\/bagnoschiuma-papavero-e-fico\/#primaryimage\"},\"thumbnailUrl\":\"https:\/\/derbe.it\/wp-content\/uploads\/2025\/05\/bagnoschiuma-papavero-fico-speziali-fiorentini-derbe.jpg\",\"datePublished\":\"2018-09-26T08:16:42+00:00\",\"dateModified\":\"2025-09-03T15:31:29+00:00\",\"description\":\"La dolcezza del fico e l'allegria del papavero danno vita ad un profumo fruttato e solare come una giornata d'estate. Delicatissimo bagnoschiuma , per una pelle morbida e vellutata.\",\"breadcrumb\":{\"@id\":\"https:\/\/derbe.it\/prodotto\/bagnoschiuma-papavero-e-fico\/#breadcrumb\"},\"inLanguage\":\"fr-FR\",\"potentialAction\":[{\"@type\":\"ReadAction\",\"target\":[\"https:\/\/derbe.it\/prodotto\/bagnoschiuma-papavero-e-fico\/\"]}]},{\"@type\":\"ImageObject\",\"inLanguage\":\"fr-FR\",\"@id\":\"https:\/\/derbe.it\/prodotto\/bagnoschiuma-papavero-e-fico\/#primaryimage\",\"url\":\"https:\/\/derbe.it\/wp-content\/uploads\/2025\/05\/bagnoschiuma-papavero-fico-speziali-fiorentini-derbe.jpg\",\"contentUrl\":\"https:\/\/derbe.it\/wp-content\/uploads\/2025\/05\/bagnoschiuma-papavero-fico-speziali-fiorentini-derbe.jpg\",\"width\":1600,\"height\":2000,\"caption\":\"Bagno schiuma - papavero e fico - Speziali fiorentini - Derbe\"},{\"@type\":\"BreadcrumbList\",\"@id\":\"https:\/\/derbe.it\/prodotto\/bagnoschiuma-papavero-e-fico\/#breadcrumb\",\"itemListElement\":[{\"@type\":\"ListItem\",\"position\":1,\"name\":\"Home\",\"item\":\"https:\/\/derbe.it\/\"},{\"@type\":\"ListItem\",\"position\":2,\"name\":\"Shop\",\"item\":\"https:\/\/derbe.it\/en\/shop\/\"},{\"@type\":\"ListItem\",\"position\":3,\"name\":\"Bagnoschiuma\",\"item\":\"https:\/\/derbe.it\/categoria-prodotto\/bagnoschiuma\/\"},{\"@type\":\"ListItem\",\"position\":4,\"name\":\"Bagnoschiuma Papavero e Fico\"}]},{\"@type\":\"WebSite\",\"@id\":\"https:\/\/derbe.it\/#website\",\"url\":\"https:\/\/derbe.it\/\",\"name\":\"Derbe\",\"description\":\"Da oltre 50 anni - Made in italy - prodotti per capelli e corpo con estratti vegetali e formule sostenibili\",\"publisher\":{\"@id\":\"https:\/\/derbe.it\/#organization\"},\"potentialAction\":[{\"@type\":\"SearchAction\",\"target\":{\"@type\":\"EntryPoint\",\"urlTemplate\":\"https:\/\/derbe.it\/?s={search_term_string}\"},\"query-input\":{\"@type\":\"PropertyValueSpecification\",\"valueRequired\":true,\"valueName\":\"search_term_string\"}}],\"inLanguage\":\"fr-FR\"},{\"@type\":\"Organization\",\"@id\":\"https:\/\/derbe.it\/#organization\",\"name\":\"Derbe\",\"url\":\"https:\/\/derbe.it\/\",\"logo\":{\"@type\":\"ImageObject\",\"inLanguage\":\"fr-FR\",\"@id\":\"https:\/\/derbe.it\/#\/schema\/logo\/image\/\",\"url\":\"https:\/\/derbe.it\/wp-content\/uploads\/2025\/06\/logo_derbe_firenze.png\",\"contentUrl\":\"https:\/\/derbe.it\/wp-content\/uploads\/2025\/06\/logo_derbe_firenze.png\",\"width\":1200,\"height\":497,\"caption\":\"Derbe\"},\"image\":{\"@id\":\"https:\/\/derbe.it\/#\/schema\/logo\/image\/\"},\"sameAs\":[\"https:\/\/www.facebook.com\/evoderbebio\",\"https:\/\/www.instagram.com\/derbe.official\/\"],\"email\":\"info@derbe.it\",\"telephone\":\"+39 055 42 11 799\",\"legalName\":\"Derbe S.r.l. a socio unico\",\"vatID\":\"07272610481\"}]}<\/script>\n<!-- \/ Yoast SEO Premium plugin. -->","yoast_head_json":{"title":"Gel douche coquelicot et figue - Derbe - cosm\u00e9tiques naturels","description":"La douceur de la figue et la gaiet\u00e9 du coquelicot cr\u00e9ent un parfum fruit\u00e9 et ensoleill\u00e9, comme un jour d&#039;\u00e9t\u00e9. Un gel douche d\u00e9licat pour une peau douce et velout\u00e9e.","robots":{"index":"index","follow":"follow","max-snippet":"max-snippet:-1","max-image-preview":"max-image-preview:large","max-video-preview":"max-video-preview:-1"},"canonical":"https:\/\/derbe.it\/fr\/produit\/gel-douche-coquelicot-et-figue\/","og_locale":"fr_FR","og_type":"article","og_title":"Bagnoschiuma Papavero e Fico","og_description":"La dolcezza del fico e l'allegria del papavero danno vita ad un profumo fruttato e solare come una giornata d'estate. Delicatissimo bagnoschiuma , per una pelle morbida e vellutata.","og_url":"https:\/\/derbe.it\/fr\/produit\/gel-douche-coquelicot-et-figue\/","og_site_name":"Derbe - cosmetici naturali","article_publisher":"https:\/\/www.facebook.com\/evoderbebio","article_modified_time":"2025-09-03T15:31:29+00:00","og_image":[{"width":1600,"height":2000,"url":"https:\/\/derbe.it\/wp-content\/uploads\/2025\/05\/bagnoschiuma-papavero-fico-speziali-fiorentini-derbe.jpg","type":"image\/jpeg"}],"twitter_card":"summary_large_image","twitter_misc":{"Dur\u00e9e de lecture estim\u00e9e":"1 minute"},"schema":{"@context":"https:\/\/schema.org","@graph":[{"@type":"WebPage","@id":"https:\/\/derbe.it\/prodotto\/bagnoschiuma-papavero-e-fico\/","url":"https:\/\/derbe.it\/prodotto\/bagnoschiuma-papavero-e-fico\/","name":"Gel douche coquelicot et figue - Derbe - cosm\u00e9tiques naturels","isPartOf":{"@id":"https:\/\/derbe.it\/#website"},"primaryImageOfPage":{"@id":"https:\/\/derbe.it\/prodotto\/bagnoschiuma-papavero-e-fico\/#primaryimage"},"image":{"@id":"https:\/\/derbe.it\/prodotto\/bagnoschiuma-papavero-e-fico\/#primaryimage"},"thumbnailUrl":"https:\/\/derbe.it\/wp-content\/uploads\/2025\/05\/bagnoschiuma-papavero-fico-speziali-fiorentini-derbe.jpg","datePublished":"2018-09-26T08:16:42+00:00","dateModified":"2025-09-03T15:31:29+00:00","description":"La douceur de la figue et la gaiet\u00e9 du coquelicot cr\u00e9ent un parfum fruit\u00e9 et ensoleill\u00e9, comme un jour d&#039;\u00e9t\u00e9. Un gel douche d\u00e9licat pour une peau douce et velout\u00e9e.","breadcrumb":{"@id":"https:\/\/derbe.it\/prodotto\/bagnoschiuma-papavero-e-fico\/#breadcrumb"},"inLanguage":"fr-FR","potentialAction":[{"@type":"ReadAction","target":["https:\/\/derbe.it\/prodotto\/bagnoschiuma-papavero-e-fico\/"]}]},{"@type":"ImageObject","inLanguage":"fr-FR","@id":"https:\/\/derbe.it\/prodotto\/bagnoschiuma-papavero-e-fico\/#primaryimage","url":"https:\/\/derbe.it\/wp-content\/uploads\/2025\/05\/bagnoschiuma-papavero-fico-speziali-fiorentini-derbe.jpg","contentUrl":"https:\/\/derbe.it\/wp-content\/uploads\/2025\/05\/bagnoschiuma-papavero-fico-speziali-fiorentini-derbe.jpg","width":1600,"height":2000,"caption":"Bagno schiuma - papavero e fico - Speziali fiorentini - Derbe"},{"@type":"BreadcrumbList","@id":"https:\/\/derbe.it\/prodotto\/bagnoschiuma-papavero-e-fico\/#breadcrumb","itemListElement":[{"@type":"ListItem","position":1,"name":"Home","item":"https:\/\/derbe.it\/"},{"@type":"ListItem","position":2,"name":"Shop","item":"https:\/\/derbe.it\/en\/shop\/"},{"@type":"ListItem","position":3,"name":"Bagnoschiuma","item":"https:\/\/derbe.it\/categoria-prodotto\/bagnoschiuma\/"},{"@type":"ListItem","position":4,"name":"Bagnoschiuma Papavero e Fico"}]},{"@type":"WebSite","@id":"https:\/\/derbe.it\/#website","url":"https:\/\/derbe.it\/","name":"Derb\u00e9","description":"Depuis plus de 50 ans - Fabriqu\u00e9 en Italie - des produits pour les cheveux et le corps \u00e0 base d&#039;extraits de plantes et de formules durables","publisher":{"@id":"https:\/\/derbe.it\/#organization"},"potentialAction":[{"@type":"SearchAction","target":{"@type":"EntryPoint","urlTemplate":"https:\/\/derbe.it\/?s={search_term_string}"},"query-input":{"@type":"PropertyValueSpecification","valueRequired":true,"valueName":"search_term_string"}}],"inLanguage":"fr-FR"},{"@type":"Organization","@id":"https:\/\/derbe.it\/#organization","name":"Derb\u00e9","url":"https:\/\/derbe.it\/","logo":{"@type":"ImageObject","inLanguage":"fr-FR","@id":"https:\/\/derbe.it\/#\/schema\/logo\/image\/","url":"https:\/\/derbe.it\/wp-content\/uploads\/2025\/06\/logo_derbe_firenze.png","contentUrl":"https:\/\/derbe.it\/wp-content\/uploads\/2025\/06\/logo_derbe_firenze.png","width":1200,"height":497,"caption":"Derbe"},"image":{"@id":"https:\/\/derbe.it\/#\/schema\/logo\/image\/"},"sameAs":["https:\/\/www.facebook.com\/evoderbebio","https:\/\/www.instagram.com\/derbe.official\/"],"email":"info@derbe.it","telephone":"+39 055 42 11 799","legalName":"Derbe S.r.l. a socio unico","vatID":"07272610481"}]}},"_links":{"self":[{"href":"https:\/\/derbe.it\/fr\/wp-json\/wp\/v2\/product\/562","targetHints":{"allow":["GET"]}}],"collection":[{"href":"https:\/\/derbe.it\/fr\/wp-json\/wp\/v2\/product"}],"about":[{"href":"https:\/\/derbe.it\/fr\/wp-json\/wp\/v2\/types\/product"}],"wp:featuredmedia":[{"embeddable":true,"href":"https:\/\/derbe.it\/fr\/wp-json\/wp\/v2\/media\/563"}],"wp:attachment":[{"href":"https:\/\/derbe.it\/fr\/wp-json\/wp\/v2\/media?parent=562"}],"wp:term":[{"taxonomy":"caratteristica","embeddable":true,"href":"https:\/\/derbe.it\/fr\/wp-json\/wp\/v2\/caratteristica?post=562"},{"taxonomy":"collezione","embeddable":true,"href":"https:\/\/derbe.it\/fr\/wp-json\/wp\/v2\/collezione?post=562"},{"taxonomy":"formato","embeddable":true,"href":"https:\/\/derbe.it\/fr\/wp-json\/wp\/v2\/formato?post=562"},{"taxonomy":"funzione","embeddable":true,"href":"https:\/\/derbe.it\/fr\/wp-json\/wp\/v2\/funzione?post=562"},{"taxonomy":"utilizzo","embeddable":true,"href":"https:\/\/derbe.it\/fr\/wp-json\/wp\/v2\/utilizzo?post=562"},{"taxonomy":"ingrediente-principale","embeddable":true,"href":"https:\/\/derbe.it\/fr\/wp-json\/wp\/v2\/ingrediente-principale?post=562"},{"taxonomy":"product_brand","embeddable":true,"href":"https:\/\/derbe.it\/fr\/wp-json\/wp\/v2\/product_brand?post=562"},{"taxonomy":"product_cat","embeddable":true,"href":"https:\/\/derbe.it\/fr\/wp-json\/wp\/v2\/product_cat?post=562"},{"taxonomy":"product_tag","embeddable":true,"href":"https:\/\/derbe.it\/fr\/wp-json\/wp\/v2\/product_tag?post=562"}],"curies":[{"name":"wp","href":"https:\/\/api.w.org\/{rel}","templated":true}]}}