{"id":916,"date":"2025-03-28T17:42:25","date_gmt":"2025-03-28T16:42:25","guid":{"rendered":"https:\/\/derbe.it\/prodotto\/crema-capillare-seres-nuova-profumazione\/"},"modified":"2025-10-09T10:44:00","modified_gmt":"2025-10-09T08:44:00","slug":"seres-%e6%8a%a4%e5%8f%91%e4%b9%b3-%e6%96%b0%e9%a6%99%e5%91%b3","status":"publish","type":"product","link":"https:\/\/derbe.it\/zh\/%e4%ba%a7%e5%93%81\/seres-%e6%8a%a4%e5%8f%91%e4%b9%b3-%e6%96%b0%e9%a6%99%e5%91%b3\/","title":{"rendered":"Seres \u62a4\u53d1\u971c\u65b0\u9999\u6c1b"},"content":{"rendered":"<p>SERES \u4e3a\u60a8\u7684\u79c0\u53d1\u6ce8\u5165\u795e\u5947\u7684\u6625\u5929\u6c14\u606f\uff01\u8fd9\u6b3e\u4e73\u6db2\uff0c\u7d20\u6709\u201c\u795e\u5947\u62a4\u53d1\u7d20\u201d\u4e4b\u79f0\uff0c\u662f\u5934\u76ae\u6d3b\u529b\u548c\u79c0\u53d1\u4eae\u6cfd\u7684\u79d8\u8bc0\uff1b\u5b83\u80fd\u8ba9\u60a8\u7684\u79c0\u53d1\u7115\u53d1\u6625\u5929\u7684\u6d3b\u529b\uff0c\u7115\u53d1\u65b0\u751f\u3002Seres \u5bf9\u4e8e\u6539\u5584\u5934\u76ae\u7684\u6c34\u8102\u9178\u72b6\u6001\u81f3\u5173\u91cd\u8981\uff0c\u80fd\u591f\u5bf9\u6297\u56e0\u4f7f\u7528\u78b1\u6027\u6d17\u6da4\u5242\u6216\u5316\u5b66\u9020\u578b\u4ea7\u54c1\u800c\u5bfc\u81f4\u7684\u5934\u53d1\u7ed3\u6784\u6027\u635f\u4f24\uff0c\u5e76\u4f7f\u7ec6\u8f6f\u8131\u843d\u7684\u5934\u53d1\u66f4\u52a0\u84ec\u677e\u4e30\u76c8\u3002.<\/p>","protected":false},"excerpt":{"rendered":"<p>In ogni circostanza, in ogni luogo: questo \u00e8 il preparato unico &#8220;indispensabile&#8221; per i tuoi capelli! Balsamo nutriente, lucidante, districante, protettivo, deelettrizzante, dona ai capelli fini e cadenti pi\u00f9 corpo e forza e pi\u00f9 volume alla chioma. Combatte l&#8217;impoverimento strutturale dei capelli e lo squilibrio idrolipidico e acido della cute causati da tutte le aggressioni: climatiche, ambientali, chimiche di acconciatura o derivate da detergenze troppo frequenti o aggressive. Pu\u00f2 essere utilizzato come maschera impacco per nutrire la cute e donare morbidezza, corpo e vigore ai capelli, come balsamo e districante per rafforzare i capelli, minimizzare le doppie punte, eliminare l&#8217;elettricit\u00e0 tipica dei capelli aridi, e come tocco lucidante, in piccola quantit\u00e0 e senza risciacquo per rendere i capelli pi\u00f9 docili e pettinabili. Il prodotto \u00e8 senza astuccio. [&#8230;]<\/p>\n<p><a class=\"btn btn-secondary understrap-read-more-link\" href=\"https:\/\/derbe.it\/zh\/%e4%ba%a7%e5%93%81\/seres-%e6%8a%a4%e5%8f%91%e4%b9%b3-%e6%96%b0%e9%a6%99%e5%91%b3\/\">\u9605\u8bfb\u66f4\u591a\u2026<span class=\"screen-reader-text\"> from Crema Capillare Seres nuova profumazione<\/span><\/a><\/p>","protected":false},"featured_media":917,"template":"","meta":{"_acf_changed":false},"caratteristica":[],"collezione":[60],"formato":[],"funzione":[83,85],"utilizzo":[],"ingrediente-principale":[],"product_brand":[],"product_cat":[101],"product_tag":[],"class_list":{"0":"post-916","1":"product","2":"type-product","3":"status-publish","4":"has-post-thumbnail","6":"collezione-seres","7":"funzione-capelli-normali-equilibrati","8":"funzione-capelli-secchi-disidratati","9":"product_cat-maschere-e-balsami","11":"first","12":"instock","13":"purchasable","14":"product-type-simple"},"acf":[],"yoast_head":"<!-- This site is optimized with the Yoast SEO Premium plugin v26.1 (Yoast SEO v26.8) - https:\/\/yoast.com\/product\/yoast-seo-premium-wordpress\/ -->\n<title>Crema Capillare Seres nuova profumazione - Derbe - cosmetici naturali<\/title>\n<meta name=\"description\" content=\"In ogni circostanza, in ogni luogo: questo \u00e8 il preparato unico &quot;indispensabile&quot; per i tuoi capelli! Balsamo nutriente, lucidante, districante, protettivo, deelettrizzante, dona ai capelli fini e cadenti pi\u00f9 corpo e forza e pi\u00f9 volume alla chioma. Combatte l&#039;impoverimento strutturale dei capelli e lo squilibrio idrolipidico e acido della cute causati da tutte le aggressioni: climatiche, ambientali, chimiche di acconciatura o derivate da detergenze troppo frequenti o aggressive. Pu\u00f2 essere utilizzato come maschera impacco per nutrire la cute e donare morbidezza, corpo e vigore ai capelli, come balsamo e districante per rafforzare i capelli, minimizzare le doppie punte, eliminare l&#039;elettricit\u00e0 tipica dei capelli aridi, e come tocco lucidante, in piccola quantit\u00e0 e senza risciacquo per rendere i capelli pi\u00f9 docili e pettinabili. Il prodotto \u00e8 senza astuccio.\" \/>\n<meta name=\"robots\" content=\"index, follow, max-snippet:-1, max-image-preview:large, max-video-preview:-1\" \/>\n<link rel=\"canonical\" href=\"https:\/\/derbe.it\/zh\/\u4ea7\u54c1\/seres-\u62a4\u53d1\u4e73-\u65b0\u9999\u5473\/\" \/>\n<meta property=\"og:locale\" content=\"zh_CN\" \/>\n<meta property=\"og:type\" content=\"article\" \/>\n<meta property=\"og:title\" content=\"Crema Capillare Seres nuova profumazione\" \/>\n<meta property=\"og:description\" content=\"In ogni circostanza, in ogni luogo: questo \u00e8 il preparato unico &quot;indispensabile&quot; per i tuoi capelli! Balsamo nutriente, lucidante, districante, protettivo, deelettrizzante, dona ai capelli fini e cadenti pi\u00f9 corpo e forza e pi\u00f9 volume alla chioma. Combatte l&#039;impoverimento strutturale dei capelli e lo squilibrio idrolipidico e acido della cute causati da tutte le aggressioni: climatiche, ambientali, chimiche di acconciatura o derivate da detergenze troppo frequenti o aggressive. Pu\u00f2 essere utilizzato come maschera impacco per nutrire la cute e donare morbidezza, corpo e vigore ai capelli, come balsamo e districante per rafforzare i capelli, minimizzare le doppie punte, eliminare l&#039;elettricit\u00e0 tipica dei capelli aridi, e come tocco lucidante, in piccola quantit\u00e0 e senza risciacquo per rendere i capelli pi\u00f9 docili e pettinabili. Il prodotto \u00e8 senza astuccio.\" \/>\n<meta property=\"og:url\" content=\"https:\/\/derbe.it\/zh\/\u4ea7\u54c1\/seres-\u62a4\u53d1\u4e73-\u65b0\u9999\u5473\/\" \/>\n<meta property=\"og:site_name\" content=\"Derbe - cosmetici naturali\" \/>\n<meta property=\"article:publisher\" content=\"https:\/\/www.facebook.com\/evoderbebio\" \/>\n<meta property=\"article:modified_time\" content=\"2025-10-09T08:44:00+00:00\" \/>\n<meta property=\"og:image\" content=\"https:\/\/derbe.it\/wp-content\/uploads\/2025\/05\/crema-capillare-seres-derbe_blu.jpg\" \/>\n\t<meta property=\"og:image:width\" content=\"1600\" \/>\n\t<meta property=\"og:image:height\" content=\"2000\" \/>\n\t<meta property=\"og:image:type\" content=\"image\/jpeg\" \/>\n<meta name=\"twitter:card\" content=\"summary_large_image\" \/>\n<meta name=\"twitter:label1\" content=\"\u9884\u8ba1\u9605\u8bfb\u65f6\u95f4\" \/>\n\t<meta name=\"twitter:data1\" content=\"1 \u5206\" \/>\n<script type=\"application\/ld+json\" class=\"yoast-schema-graph\">{\"@context\":\"https:\/\/schema.org\",\"@graph\":[{\"@type\":\"WebPage\",\"@id\":\"https:\/\/derbe.it\/prodotto\/crema-capillare-seres-nuova-profumazione\/\",\"url\":\"https:\/\/derbe.it\/prodotto\/crema-capillare-seres-nuova-profumazione\/\",\"name\":\"Crema Capillare Seres nuova profumazione - Derbe - cosmetici naturali\",\"isPartOf\":{\"@id\":\"https:\/\/derbe.it\/#website\"},\"primaryImageOfPage\":{\"@id\":\"https:\/\/derbe.it\/prodotto\/crema-capillare-seres-nuova-profumazione\/#primaryimage\"},\"image\":{\"@id\":\"https:\/\/derbe.it\/prodotto\/crema-capillare-seres-nuova-profumazione\/#primaryimage\"},\"thumbnailUrl\":\"https:\/\/derbe.it\/wp-content\/uploads\/2025\/05\/crema-capillare-seres-derbe_blu.jpg\",\"datePublished\":\"2025-03-28T16:42:25+00:00\",\"dateModified\":\"2025-10-09T08:44:00+00:00\",\"description\":\"In ogni circostanza, in ogni luogo: questo \u00e8 il preparato unico \\\"indispensabile\\\" per i tuoi capelli! Balsamo nutriente, lucidante, districante, protettivo, deelettrizzante, dona ai capelli fini e cadenti pi\u00f9 corpo e forza e pi\u00f9 volume alla chioma. Combatte l'impoverimento strutturale dei capelli e lo squilibrio idrolipidico e acido della cute causati da tutte le aggressioni: climatiche, ambientali, chimiche di acconciatura o derivate da detergenze troppo frequenti o aggressive. Pu\u00f2 essere utilizzato come maschera impacco per nutrire la cute e donare morbidezza, corpo e vigore ai capelli, come balsamo e districante per rafforzare i capelli, minimizzare le doppie punte, eliminare l'elettricit\u00e0 tipica dei capelli aridi, e come tocco lucidante, in piccola quantit\u00e0 e senza risciacquo per rendere i capelli pi\u00f9 docili e pettinabili. Il prodotto \u00e8 senza astuccio.\",\"breadcrumb\":{\"@id\":\"https:\/\/derbe.it\/prodotto\/crema-capillare-seres-nuova-profumazione\/#breadcrumb\"},\"inLanguage\":\"zh-Hans\",\"potentialAction\":[{\"@type\":\"ReadAction\",\"target\":[\"https:\/\/derbe.it\/prodotto\/crema-capillare-seres-nuova-profumazione\/\"]}]},{\"@type\":\"ImageObject\",\"inLanguage\":\"zh-Hans\",\"@id\":\"https:\/\/derbe.it\/prodotto\/crema-capillare-seres-nuova-profumazione\/#primaryimage\",\"url\":\"https:\/\/derbe.it\/wp-content\/uploads\/2025\/05\/crema-capillare-seres-derbe_blu.jpg\",\"contentUrl\":\"https:\/\/derbe.it\/wp-content\/uploads\/2025\/05\/crema-capillare-seres-derbe_blu.jpg\",\"width\":1600,\"height\":2000},{\"@type\":\"BreadcrumbList\",\"@id\":\"https:\/\/derbe.it\/prodotto\/crema-capillare-seres-nuova-profumazione\/#breadcrumb\",\"itemListElement\":[{\"@type\":\"ListItem\",\"position\":1,\"name\":\"Home\",\"item\":\"https:\/\/derbe.it\/\"},{\"@type\":\"ListItem\",\"position\":2,\"name\":\"Shop\",\"item\":\"https:\/\/derbe.it\/en\/shop\/\"},{\"@type\":\"ListItem\",\"position\":3,\"name\":\"Maschere e balsami\",\"item\":\"https:\/\/derbe.it\/categoria-prodotto\/maschere-e-balsami\/\"},{\"@type\":\"ListItem\",\"position\":4,\"name\":\"Crema Capillare Seres nuova profumazione\"}]},{\"@type\":\"WebSite\",\"@id\":\"https:\/\/derbe.it\/#website\",\"url\":\"https:\/\/derbe.it\/\",\"name\":\"Derbe\",\"description\":\"Da oltre 50 anni - Made in italy - prodotti per capelli e corpo con estratti vegetali e formule sostenibili\",\"publisher\":{\"@id\":\"https:\/\/derbe.it\/#organization\"},\"potentialAction\":[{\"@type\":\"SearchAction\",\"target\":{\"@type\":\"EntryPoint\",\"urlTemplate\":\"https:\/\/derbe.it\/?s={search_term_string}\"},\"query-input\":{\"@type\":\"PropertyValueSpecification\",\"valueRequired\":true,\"valueName\":\"search_term_string\"}}],\"inLanguage\":\"zh-Hans\"},{\"@type\":\"Organization\",\"@id\":\"https:\/\/derbe.it\/#organization\",\"name\":\"Derbe\",\"url\":\"https:\/\/derbe.it\/\",\"logo\":{\"@type\":\"ImageObject\",\"inLanguage\":\"zh-Hans\",\"@id\":\"https:\/\/derbe.it\/#\/schema\/logo\/image\/\",\"url\":\"https:\/\/derbe.it\/wp-content\/uploads\/2025\/06\/logo_derbe_firenze.png\",\"contentUrl\":\"https:\/\/derbe.it\/wp-content\/uploads\/2025\/06\/logo_derbe_firenze.png\",\"width\":1200,\"height\":497,\"caption\":\"Derbe\"},\"image\":{\"@id\":\"https:\/\/derbe.it\/#\/schema\/logo\/image\/\"},\"sameAs\":[\"https:\/\/www.facebook.com\/evoderbebio\",\"https:\/\/www.instagram.com\/derbe.official\/\"],\"email\":\"info@derbe.it\",\"telephone\":\"+39 055 42 11 799\",\"legalName\":\"Derbe S.r.l. a socio unico\",\"vatID\":\"07272610481\"}]}<\/script>\n<!-- \/ Yoast SEO Premium plugin. -->","yoast_head_json":{"title":"Seres\u62a4\u53d1\u971c\uff0c\u5168\u65b0\u9999\u578b - Derbe - \u5929\u7136\u5316\u5986\u54c1","description":"\u65e0\u8bba\u4f55\u5730\u4f55\u5883\uff0c\u8fd9\u90fd\u662f\u60a8\u72ec\u4e00\u65e0\u4e8c\u7684\u79c0\u53d1\"\u5fc5\u5907\"\uff01\u8fd9\u6b3e\u62a4\u53d1\u7d20\u517c\u5177\u6ecb\u517b\u3001\u4eae\u6cfd\u3001\u67d4\u987a\u3001\u9632\u62a4\u548c\u9632\u98de\u6563\u529f\u6548\uff0c\u80fd\u591f\u4ee4\u7ec6\u8f6f\u8131\u843d\u7684\u79c0\u53d1\u66f4\u52a0\u84ec\u677e\u3001\u5f3a\u97e7\uff0c\u5e76\u589e\u52a0\u4e30\u76c8\u5ea6\u3002\u5b83\u80fd\u591f\u5bf9\u6297\u7531\u5404\u79cd\u538b\u529b\uff08\u4f8b\u5982\u6c14\u5019\u3001\u73af\u5883\u3001\u5316\u5b66\u9020\u578b\u6216\u8fc7\u5ea6\u9891\u7e41\u6216\u5267\u70c8\u7684\u6e05\u6d01\uff09\u5f15\u8d77\u7684\u5934\u53d1\u7ed3\u6784\u6027\u635f\u4f24\u4ee5\u53ca\u5934\u76ae\u6c34\u8102\u9178\u5931\u8861\u3002\u5b83\u53ef\u7528\u4f5c\u53d1\u819c\uff0c\u6ecb\u517b\u5934\u76ae\uff0c\u4ee4\u79c0\u53d1\u67d4\u8f6f\u3001\u84ec\u677e\u3001\u5bcc\u6709\u6d3b\u529b\uff1b\u4e5f\u53ef\u7528\u4f5c\u62a4\u53d1\u7d20\u548c\u987a\u53d1\u5242\uff0c\u5f3a\u97e7\u79c0\u53d1\uff0c\u51cf\u5c11\u5206\u53c9\uff0c\u6d88\u9664\u5e72\u53d1\u5e38\u89c1\u7684\u98de\u6563\uff1b\u53ea\u9700\u5c11\u91cf\uff0c\u65e0\u9700\u51b2\u6d17\uff0c\u5373\u53ef\u4e3a\u79c0\u53d1\u589e\u6dfb\u4e00\u62b9\u5149\u6cfd\uff0c\u4ee4\u79c0\u53d1\u66f4\u6613\u4e8e\u6253\u7406\u3002\u672c\u4ea7\u54c1\u4e0d\u5e26\u5305\u88c5\u3002.","robots":{"index":"index","follow":"follow","max-snippet":"max-snippet:-1","max-image-preview":"max-image-preview:large","max-video-preview":"max-video-preview:-1"},"canonical":"https:\/\/derbe.it\/zh\/\u4ea7\u54c1\/seres-\u62a4\u53d1\u4e73-\u65b0\u9999\u5473\/","og_locale":"zh_CN","og_type":"article","og_title":"Crema Capillare Seres nuova profumazione","og_description":"In ogni circostanza, in ogni luogo: questo \u00e8 il preparato unico \"indispensabile\" per i tuoi capelli! Balsamo nutriente, lucidante, districante, protettivo, deelettrizzante, dona ai capelli fini e cadenti pi\u00f9 corpo e forza e pi\u00f9 volume alla chioma. Combatte l'impoverimento strutturale dei capelli e lo squilibrio idrolipidico e acido della cute causati da tutte le aggressioni: climatiche, ambientali, chimiche di acconciatura o derivate da detergenze troppo frequenti o aggressive. Pu\u00f2 essere utilizzato come maschera impacco per nutrire la cute e donare morbidezza, corpo e vigore ai capelli, come balsamo e districante per rafforzare i capelli, minimizzare le doppie punte, eliminare l'elettricit\u00e0 tipica dei capelli aridi, e come tocco lucidante, in piccola quantit\u00e0 e senza risciacquo per rendere i capelli pi\u00f9 docili e pettinabili. Il prodotto \u00e8 senza astuccio.","og_url":"https:\/\/derbe.it\/zh\/\u4ea7\u54c1\/seres-\u62a4\u53d1\u4e73-\u65b0\u9999\u5473\/","og_site_name":"Derbe - cosmetici naturali","article_publisher":"https:\/\/www.facebook.com\/evoderbebio","article_modified_time":"2025-10-09T08:44:00+00:00","og_image":[{"width":1600,"height":2000,"url":"https:\/\/derbe.it\/wp-content\/uploads\/2025\/05\/crema-capillare-seres-derbe_blu.jpg","type":"image\/jpeg"}],"twitter_card":"summary_large_image","twitter_misc":{"\u9884\u8ba1\u9605\u8bfb\u65f6\u95f4":"1 \u5206"},"schema":{"@context":"https:\/\/schema.org","@graph":[{"@type":"WebPage","@id":"https:\/\/derbe.it\/prodotto\/crema-capillare-seres-nuova-profumazione\/","url":"https:\/\/derbe.it\/prodotto\/crema-capillare-seres-nuova-profumazione\/","name":"Seres\u62a4\u53d1\u971c\uff0c\u5168\u65b0\u9999\u578b - Derbe - \u5929\u7136\u5316\u5986\u54c1","isPartOf":{"@id":"https:\/\/derbe.it\/#website"},"primaryImageOfPage":{"@id":"https:\/\/derbe.it\/prodotto\/crema-capillare-seres-nuova-profumazione\/#primaryimage"},"image":{"@id":"https:\/\/derbe.it\/prodotto\/crema-capillare-seres-nuova-profumazione\/#primaryimage"},"thumbnailUrl":"https:\/\/derbe.it\/wp-content\/uploads\/2025\/05\/crema-capillare-seres-derbe_blu.jpg","datePublished":"2025-03-28T16:42:25+00:00","dateModified":"2025-10-09T08:44:00+00:00","description":"\u65e0\u8bba\u4f55\u5730\u4f55\u5883\uff0c\u8fd9\u90fd\u662f\u60a8\u72ec\u4e00\u65e0\u4e8c\u7684\u79c0\u53d1\"\u5fc5\u5907\"\uff01\u8fd9\u6b3e\u62a4\u53d1\u7d20\u517c\u5177\u6ecb\u517b\u3001\u4eae\u6cfd\u3001\u67d4\u987a\u3001\u9632\u62a4\u548c\u9632\u98de\u6563\u529f\u6548\uff0c\u80fd\u591f\u4ee4\u7ec6\u8f6f\u8131\u843d\u7684\u79c0\u53d1\u66f4\u52a0\u84ec\u677e\u3001\u5f3a\u97e7\uff0c\u5e76\u589e\u52a0\u4e30\u76c8\u5ea6\u3002\u5b83\u80fd\u591f\u5bf9\u6297\u7531\u5404\u79cd\u538b\u529b\uff08\u4f8b\u5982\u6c14\u5019\u3001\u73af\u5883\u3001\u5316\u5b66\u9020\u578b\u6216\u8fc7\u5ea6\u9891\u7e41\u6216\u5267\u70c8\u7684\u6e05\u6d01\uff09\u5f15\u8d77\u7684\u5934\u53d1\u7ed3\u6784\u6027\u635f\u4f24\u4ee5\u53ca\u5934\u76ae\u6c34\u8102\u9178\u5931\u8861\u3002\u5b83\u53ef\u7528\u4f5c\u53d1\u819c\uff0c\u6ecb\u517b\u5934\u76ae\uff0c\u4ee4\u79c0\u53d1\u67d4\u8f6f\u3001\u84ec\u677e\u3001\u5bcc\u6709\u6d3b\u529b\uff1b\u4e5f\u53ef\u7528\u4f5c\u62a4\u53d1\u7d20\u548c\u987a\u53d1\u5242\uff0c\u5f3a\u97e7\u79c0\u53d1\uff0c\u51cf\u5c11\u5206\u53c9\uff0c\u6d88\u9664\u5e72\u53d1\u5e38\u89c1\u7684\u98de\u6563\uff1b\u53ea\u9700\u5c11\u91cf\uff0c\u65e0\u9700\u51b2\u6d17\uff0c\u5373\u53ef\u4e3a\u79c0\u53d1\u589e\u6dfb\u4e00\u62b9\u5149\u6cfd\uff0c\u4ee4\u79c0\u53d1\u66f4\u6613\u4e8e\u6253\u7406\u3002\u672c\u4ea7\u54c1\u4e0d\u5e26\u5305\u88c5\u3002.","breadcrumb":{"@id":"https:\/\/derbe.it\/prodotto\/crema-capillare-seres-nuova-profumazione\/#breadcrumb"},"inLanguage":"zh-Hans","potentialAction":[{"@type":"ReadAction","target":["https:\/\/derbe.it\/prodotto\/crema-capillare-seres-nuova-profumazione\/"]}]},{"@type":"ImageObject","inLanguage":"zh-Hans","@id":"https:\/\/derbe.it\/prodotto\/crema-capillare-seres-nuova-profumazione\/#primaryimage","url":"https:\/\/derbe.it\/wp-content\/uploads\/2025\/05\/crema-capillare-seres-derbe_blu.jpg","contentUrl":"https:\/\/derbe.it\/wp-content\/uploads\/2025\/05\/crema-capillare-seres-derbe_blu.jpg","width":1600,"height":2000},{"@type":"BreadcrumbList","@id":"https:\/\/derbe.it\/prodotto\/crema-capillare-seres-nuova-profumazione\/#breadcrumb","itemListElement":[{"@type":"ListItem","position":1,"name":"Home","item":"https:\/\/derbe.it\/"},{"@type":"ListItem","position":2,"name":"Shop","item":"https:\/\/derbe.it\/en\/shop\/"},{"@type":"ListItem","position":3,"name":"Maschere e balsami","item":"https:\/\/derbe.it\/categoria-prodotto\/maschere-e-balsami\/"},{"@type":"ListItem","position":4,"name":"Crema Capillare Seres nuova profumazione"}]},{"@type":"WebSite","@id":"https:\/\/derbe.it\/#website","url":"https:\/\/derbe.it\/","name":"\u5fb7\u5c14\u8d1d","description":"\u4e94\u5341\u591a\u5e74\u6765\u2014\u2014\u610f\u5927\u5229\u5236\u9020\u2014\u2014\u91c7\u7528\u690d\u7269\u8403\u53d6\u7269\u548c\u53ef\u6301\u7eed\u914d\u65b9\u7684\u5934\u53d1\u548c\u8eab\u4f53\u62a4\u7406\u4ea7\u54c1","publisher":{"@id":"https:\/\/derbe.it\/#organization"},"potentialAction":[{"@type":"SearchAction","target":{"@type":"EntryPoint","urlTemplate":"https:\/\/derbe.it\/?s={search_term_string}"},"query-input":{"@type":"PropertyValueSpecification","valueRequired":true,"valueName":"search_term_string"}}],"inLanguage":"zh-Hans"},{"@type":"Organization","@id":"https:\/\/derbe.it\/#organization","name":"\u5fb7\u5c14\u8d1d","url":"https:\/\/derbe.it\/","logo":{"@type":"ImageObject","inLanguage":"zh-Hans","@id":"https:\/\/derbe.it\/#\/schema\/logo\/image\/","url":"https:\/\/derbe.it\/wp-content\/uploads\/2025\/06\/logo_derbe_firenze.png","contentUrl":"https:\/\/derbe.it\/wp-content\/uploads\/2025\/06\/logo_derbe_firenze.png","width":1200,"height":497,"caption":"Derbe"},"image":{"@id":"https:\/\/derbe.it\/#\/schema\/logo\/image\/"},"sameAs":["https:\/\/www.facebook.com\/evoderbebio","https:\/\/www.instagram.com\/derbe.official\/"],"email":"info@derbe.it","telephone":"+39 055 42 11 799","legalName":"Derbe S.r.l. a socio unico","vatID":"07272610481"}]}},"_links":{"self":[{"href":"https:\/\/derbe.it\/zh\/wp-json\/wp\/v2\/product\/916","targetHints":{"allow":["GET"]}}],"collection":[{"href":"https:\/\/derbe.it\/zh\/wp-json\/wp\/v2\/product"}],"about":[{"href":"https:\/\/derbe.it\/zh\/wp-json\/wp\/v2\/types\/product"}],"wp:featuredmedia":[{"embeddable":true,"href":"https:\/\/derbe.it\/zh\/wp-json\/wp\/v2\/media\/917"}],"wp:attachment":[{"href":"https:\/\/derbe.it\/zh\/wp-json\/wp\/v2\/media?parent=916"}],"wp:term":[{"taxonomy":"caratteristica","embeddable":true,"href":"https:\/\/derbe.it\/zh\/wp-json\/wp\/v2\/caratteristica?post=916"},{"taxonomy":"collezione","embeddable":true,"href":"https:\/\/derbe.it\/zh\/wp-json\/wp\/v2\/collezione?post=916"},{"taxonomy":"formato","embeddable":true,"href":"https:\/\/derbe.it\/zh\/wp-json\/wp\/v2\/formato?post=916"},{"taxonomy":"funzione","embeddable":true,"href":"https:\/\/derbe.it\/zh\/wp-json\/wp\/v2\/funzione?post=916"},{"taxonomy":"utilizzo","embeddable":true,"href":"https:\/\/derbe.it\/zh\/wp-json\/wp\/v2\/utilizzo?post=916"},{"taxonomy":"ingrediente-principale","embeddable":true,"href":"https:\/\/derbe.it\/zh\/wp-json\/wp\/v2\/ingrediente-principale?post=916"},{"taxonomy":"product_brand","embeddable":true,"href":"https:\/\/derbe.it\/zh\/wp-json\/wp\/v2\/product_brand?post=916"},{"taxonomy":"product_cat","embeddable":true,"href":"https:\/\/derbe.it\/zh\/wp-json\/wp\/v2\/product_cat?post=916"},{"taxonomy":"product_tag","embeddable":true,"href":"https:\/\/derbe.it\/zh\/wp-json\/wp\/v2\/product_tag?post=916"}],"curies":[{"name":"wp","href":"https:\/\/api.w.org\/{rel}","templated":true}]}}